{"id":4118,"date":"2023-06-15T17:42:23","date_gmt":"2023-06-15T15:42:23","guid":{"rendered":"https:\/\/www.institutmacula.com\/sobre-el-institut\/equip\/"},"modified":"2026-04-01T16:02:33","modified_gmt":"2026-04-01T14:02:33","slug":"equipo","status":"publish","type":"page","link":"https:\/\/www.institutmacula.com\/es\/sobre-el-institut\/equipo\/","title":{"rendered":"Equip"},"content":{"rendered":"\t\t<div data-elementor-type=\"wp-page\" data-elementor-id=\"4118\" class=\"elementor elementor-4118 elementor-2167\" data-elementor-post-type=\"page\">\n\t\t\t\t\t\t<section data-dce-background-color=\"#003865\" class=\"elementor-section elementor-top-section elementor-element elementor-element-70d2658 elementor-section-boxed elementor-section-height-default elementor-section-height-default\" data-id=\"70d2658\" data-element_type=\"section\" data-e-type=\"section\" data-settings=\"{&quot;background_background&quot;:&quot;classic&quot;}\">\n\t\t\t\t\t\t<div class=\"elementor-container elementor-column-gap-default\">\n\t\t\t\t\t<div class=\"elementor-column elementor-col-100 elementor-top-column elementor-element elementor-element-3bbe5ff\" data-id=\"3bbe5ff\" data-element_type=\"column\" data-e-type=\"column\">\n\t\t\t<div class=\"elementor-widget-wrap elementor-element-populated\">\n\t\t\t\t\t\t<div data-dce-title-color=\"#FFFFFF\" class=\"elementor-element elementor-element-d000133 elementor-widget elementor-widget-heading\" data-id=\"d000133\" data-element_type=\"widget\" data-e-type=\"widget\" data-widget_type=\"heading.default\">\n\t\t\t\t<div class=\"elementor-widget-container\">\n\t\t\t\t\t<h1 class=\"elementor-heading-title elementor-size-default\">NUESTRO EQUIPO<\/h1>\t\t\t\t<\/div>\n\t\t\t\t<\/div>\n\t\t\t\t\t<\/div>\n\t\t<\/div>\n\t\t\t\t\t<\/div>\n\t\t<\/section>\n\t\t\t\t<section class=\"elementor-section elementor-top-section elementor-element elementor-element-daefbac elementor-section-boxed elementor-section-height-default elementor-section-height-default\" data-id=\"daefbac\" data-element_type=\"section\" data-e-type=\"section\">\n\t\t\t\t\t\t<div class=\"elementor-container elementor-column-gap-default\">\n\t\t\t\t\t<div class=\"elementor-column elementor-col-100 elementor-top-column elementor-element elementor-element-21880da\" data-id=\"21880da\" data-element_type=\"column\" data-e-type=\"column\">\n\t\t\t<div class=\"elementor-widget-wrap elementor-element-populated\">\n\t\t\t\t\t\t<div class=\"elementor-element elementor-element-dd41da1 elementor-widget elementor-widget-heading\" data-id=\"dd41da1\" data-element_type=\"widget\" data-e-type=\"widget\" data-widget_type=\"heading.default\">\n\t\t\t\t<div class=\"elementor-widget-container\">\n\t\t\t\t\t<h2 class=\"elementor-heading-title elementor-size-default\">OFTALM\u00d3LOGOS ESPECIALISTAS<\/h2>\t\t\t\t<\/div>\n\t\t\t\t<\/div>\n\t\t\t\t<div class=\"elementor-element elementor-element-9fa559c elementor-widget elementor-widget-heading\" data-id=\"9fa559c\" data-element_type=\"widget\" data-e-type=\"widget\" data-widget_type=\"heading.default\">\n\t\t\t\t<div class=\"elementor-widget-container\">\n\t\t\t\t\t<h3 class=\"elementor-heading-title elementor-size-default\">M\u00c1CULA, RETINA Y V\u00cdTREO<\/h3>\t\t\t\t<\/div>\n\t\t\t\t<\/div>\n\t\t\t\t\t<\/div>\n\t\t<\/div>\n\t\t\t\t\t<\/div>\n\t\t<\/section>\n\t\t\t\t<section class=\"elementor-section elementor-top-section elementor-element elementor-element-9ef912d elementor-section-content-middle elementor-section-boxed elementor-section-height-default elementor-section-height-default\" data-id=\"9ef912d\" data-element_type=\"section\" data-e-type=\"section\">\n\t\t\t\t\t\t<div class=\"elementor-container elementor-column-gap-default\">\n\t\t\t\t\t<div class=\"elementor-column elementor-col-33 elementor-top-column elementor-element elementor-element-6305115\" data-id=\"6305115\" data-element_type=\"column\" data-e-type=\"column\">\n\t\t\t<div class=\"elementor-widget-wrap elementor-element-populated\">\n\t\t\t\t\t\t<div class=\"elementor-element elementor-element-7851f51 dce_masking-none elementor-widget elementor-widget-image\" data-id=\"7851f51\" data-element_type=\"widget\" data-e-type=\"widget\" data-widget_type=\"image.default\">\n\t\t\t\t<div class=\"elementor-widget-container\">\n\t\t\t\t\t\t\t\t\t\t\t\t\t\t\t<img fetchpriority=\"high\" decoding=\"async\" width=\"290\" height=\"350\" src=\"https:\/\/www.institutmacula.com\/wp-content\/uploads\/2023\/07\/Dr-Jordi-Mones.jpg\" class=\"attachment-large size-large wp-image-3808\" alt=\"\" srcset=\"https:\/\/www.institutmacula.com\/wp-content\/uploads\/2023\/07\/Dr-Jordi-Mones.jpg 290w, https:\/\/www.institutmacula.com\/wp-content\/uploads\/2023\/07\/Dr-Jordi-Mones-249x300.jpg 249w\" sizes=\"(max-width: 290px) 100vw, 290px\" \/>\t\t\t\t\t\t\t\t\t\t\t\t\t\t\t<\/div>\n\t\t\t\t<\/div>\n\t\t\t\t\t<\/div>\n\t\t<\/div>\n\t\t\t\t<div class=\"elementor-column elementor-col-66 elementor-top-column elementor-element elementor-element-5fb6f55\" data-id=\"5fb6f55\" data-element_type=\"column\" data-e-type=\"column\">\n\t\t\t<div class=\"elementor-widget-wrap elementor-element-populated\">\n\t\t\t\t\t\t<div class=\"elementor-element elementor-element-89c2e51 elementor-widget__width-auto elementor-widget elementor-widget-text-editor\" data-id=\"89c2e51\" data-element_type=\"widget\" data-e-type=\"widget\" data-widget_type=\"text-editor.default\">\n\t\t\t\t<div class=\"elementor-widget-container\">\n\t\t\t\t\t\t\t\t\t<p>Prof. Jordi Mon\u00e9s MD, PhD<\/p>\t\t\t\t\t\t\t\t<\/div>\n\t\t\t\t<\/div>\n\t\t\t\t<div class=\"elementor-element elementor-element-839092d elementor-shape-circle e-grid-align-right elementor-widget__width-auto elementor-grid-0 elementor-widget elementor-widget-social-icons\" data-id=\"839092d\" data-element_type=\"widget\" data-e-type=\"widget\" data-widget_type=\"social-icons.default\">\n\t\t\t\t<div class=\"elementor-widget-container\">\n\t\t\t\t\t\t\t<div class=\"elementor-social-icons-wrapper elementor-grid\">\n\t\t\t\t\t\t\t<span class=\"elementor-grid-item\">\n\t\t\t\t\t<a class=\"elementor-icon elementor-social-icon elementor-social-icon-linkedin elementor-repeater-item-c0c686b\" href=\"https:\/\/www.linkedin.com\/in\/jordimonesmdphd\/\" target=\"_blank\">\n\t\t\t\t\t\t<span class=\"elementor-screen-only\">Linkedin<\/span>\n\t\t\t\t\t\t<i aria-hidden=\"true\" class=\"fab fa-linkedin\"><\/i>\t\t\t\t\t<\/a>\n\t\t\t\t<\/span>\n\t\t\t\t\t<\/div>\n\t\t\t\t\t\t<\/div>\n\t\t\t\t<\/div>\n\t\t\t\t<div class=\"elementor-element elementor-element-41c00c1 elementor-widget elementor-widget-text-editor\" data-id=\"41c00c1\" data-element_type=\"widget\" data-e-type=\"widget\" data-widget_type=\"text-editor.default\">\n\t\t\t\t<div class=\"elementor-widget-container\">\n\t\t\t\t\t\t\t\t\t<p>N\u00fam colegiado (COMB): 22.838<\/p>\t\t\t\t\t\t\t\t<\/div>\n\t\t\t\t<\/div>\n\t\t\t\t<div data-dce-text-color=\"#3F3F3F\" class=\"elementor-element elementor-element-65508f1 elementor-widget elementor-widget-text-editor\" data-id=\"65508f1\" data-element_type=\"widget\" data-e-type=\"widget\" data-widget_type=\"text-editor.default\">\n\t\t\t\t<div class=\"elementor-widget-container\">\n\t\t\t\t\t\t\t\t\t<p>Oftalm\u00f3logo especialista en enfermedades de la m\u00e1cula, la retina y el v\u00edtreo.<br \/>El Dr. Jordi Mon\u00e9s, fundador del Institut de la M\u00e0cula, es una de las referencias europeas en la investigaci\u00f3n y tratamiento de la DMAE atr\u00f3fica y exudativa. Profesor adjunto en el John A. Moran Eye Center, adscrito a la Health University of Utah (Estados Unidos). Doctorado en Medicina y Cirug\u00eda en la Universitat Aut\u00f2noma de Barcelona. Despu\u00e9s de especializarse en Oftalmolog\u00eda en el C.O.Barraquer (Barcelona), complet\u00f3 sus estudios en el Massachusetts Eye and Ear Infirmary (Harvard University, Estados Unidos) y en el Hospital San Jos\u00e9 (ITESM, M\u00e9xico). En los \u00faltimos 20 a\u00f1os ha tomado parte como investigador principal en la mayor\u00eda de los ensayos cl\u00ednicos internacionales multicentro que se han realizado para encontrar tratamientos para todas las formas de DMAE.<\/p>\t\t\t\t\t\t\t\t<\/div>\n\t\t\t\t<\/div>\n\t\t\t\t<div class=\"elementor-element elementor-element-8caa4af elementor-widget elementor-widget-button\" data-id=\"8caa4af\" data-element_type=\"widget\" data-e-type=\"widget\" data-widget_type=\"button.default\">\n\t\t\t\t<div class=\"elementor-widget-container\">\n\t\t\t\t\t\t\t\t\t<div class=\"elementor-button-wrapper\">\n\t\t\t\t\t<a class=\"elementor-button elementor-button-link elementor-size-lg\" href=\"https:\/\/www.institutmacula.com\/es\/sobre-el-institut\/dr-jordi-mones-md\/\">\n\t\t\t\t\t\t<span class=\"elementor-button-content-wrapper\">\n\t\t\t\t\t\t\t\t\t<span class=\"elementor-button-text\">SABER M\u00c1S SOBRE EL Prof. Jordi Mon\u00e9s MD, PhD<\/span>\n\t\t\t\t\t<\/span>\n\t\t\t\t\t<\/a>\n\t\t\t\t<\/div>\n\t\t\t\t\t\t\t\t<\/div>\n\t\t\t\t<\/div>\n\t\t\t\t\t<\/div>\n\t\t<\/div>\n\t\t\t\t\t<\/div>\n\t\t<\/section>\n\t\t\t\t<section class=\"elementor-section elementor-top-section elementor-element elementor-element-c70f2b7 elementor-section-content-middle elementor-section-boxed elementor-section-height-default elementor-section-height-default\" data-id=\"c70f2b7\" data-element_type=\"section\" data-e-type=\"section\">\n\t\t\t\t\t\t<div class=\"elementor-container elementor-column-gap-default\">\n\t\t\t\t\t<div class=\"elementor-column elementor-col-33 elementor-top-column elementor-element elementor-element-a9fa0e7\" data-id=\"a9fa0e7\" data-element_type=\"column\" data-e-type=\"column\">\n\t\t\t<div class=\"elementor-widget-wrap elementor-element-populated\">\n\t\t\t\t\t\t<div class=\"elementor-element elementor-element-7858b62 dce_masking-none elementor-widget elementor-widget-image\" data-id=\"7858b62\" data-element_type=\"widget\" data-e-type=\"widget\" data-widget_type=\"image.default\">\n\t\t\t\t<div class=\"elementor-widget-container\">\n\t\t\t\t\t\t\t\t\t\t\t\t\t\t\t<img decoding=\"async\" width=\"290\" height=\"350\" src=\"https:\/\/www.institutmacula.com\/wp-content\/uploads\/2023\/07\/Dr-Juan-Francisco-Santamaria.jpg\" class=\"attachment-large size-large wp-image-3809\" alt=\"\" srcset=\"https:\/\/www.institutmacula.com\/wp-content\/uploads\/2023\/07\/Dr-Juan-Francisco-Santamaria.jpg 290w, https:\/\/www.institutmacula.com\/wp-content\/uploads\/2023\/07\/Dr-Juan-Francisco-Santamaria-249x300.jpg 249w\" sizes=\"(max-width: 290px) 100vw, 290px\" \/>\t\t\t\t\t\t\t\t\t\t\t\t\t\t\t<\/div>\n\t\t\t\t<\/div>\n\t\t\t\t\t<\/div>\n\t\t<\/div>\n\t\t\t\t<div class=\"elementor-column elementor-col-66 elementor-top-column elementor-element elementor-element-6796bf6\" data-id=\"6796bf6\" data-element_type=\"column\" data-e-type=\"column\">\n\t\t\t<div class=\"elementor-widget-wrap elementor-element-populated\">\n\t\t\t\t\t\t<div class=\"elementor-element elementor-element-88d5b52 elementor-widget__width-auto elementor-widget elementor-widget-text-editor\" data-id=\"88d5b52\" data-element_type=\"widget\" data-e-type=\"widget\" data-widget_type=\"text-editor.default\">\n\t\t\t\t<div class=\"elementor-widget-container\">\n\t\t\t\t\t\t\t\t\t<p>Dr. Juan Francisco Santamar\u00eda MD, PhD<\/p>\t\t\t\t\t\t\t\t<\/div>\n\t\t\t\t<\/div>\n\t\t\t\t<div class=\"elementor-element elementor-element-5305a77 elementor-shape-circle e-grid-align-right elementor-widget__width-auto elementor-grid-0 elementor-widget elementor-widget-social-icons\" data-id=\"5305a77\" data-element_type=\"widget\" data-e-type=\"widget\" data-widget_type=\"social-icons.default\">\n\t\t\t\t<div class=\"elementor-widget-container\">\n\t\t\t\t\t\t\t<div class=\"elementor-social-icons-wrapper elementor-grid\">\n\t\t\t\t\t\t\t<span class=\"elementor-grid-item\">\n\t\t\t\t\t<a class=\"elementor-icon elementor-social-icon elementor-social-icon-linkedin elementor-repeater-item-c0c686b\" href=\"https:\/\/www.linkedin.com\/in\/juan-francisco-santamaria-\u00e1lvarez-263439158\/\" target=\"_blank\">\n\t\t\t\t\t\t<span class=\"elementor-screen-only\">Linkedin<\/span>\n\t\t\t\t\t\t<i aria-hidden=\"true\" class=\"fab fa-linkedin\"><\/i>\t\t\t\t\t<\/a>\n\t\t\t\t<\/span>\n\t\t\t\t\t<\/div>\n\t\t\t\t\t\t<\/div>\n\t\t\t\t<\/div>\n\t\t\t\t<div class=\"elementor-element elementor-element-f137a75 elementor-widget elementor-widget-text-editor\" data-id=\"f137a75\" data-element_type=\"widget\" data-e-type=\"widget\" data-widget_type=\"text-editor.default\">\n\t\t\t\t<div class=\"elementor-widget-container\">\n\t\t\t\t\t\t\t\t\t<p>N\u00fam colegiado (COMB): 51.749<\/p>\t\t\t\t\t\t\t\t<\/div>\n\t\t\t\t<\/div>\n\t\t\t\t<div data-dce-text-color=\"#3F3F3F\" class=\"elementor-element elementor-element-a5aa88f elementor-widget elementor-widget-text-editor\" data-id=\"a5aa88f\" data-element_type=\"widget\" data-e-type=\"widget\" data-widget_type=\"text-editor.default\">\n\t\t\t\t<div class=\"elementor-widget-container\">\n\t\t\t\t\t\t\t\t\t<p>Oftalm\u00f3logo especialista en enfermedades de la m\u00e1cula, la retina y el v\u00edtreo.<br \/>Licenciado en Medicina y Cirug\u00eda y especializado en Oftalmolog\u00eda v\u00eda MIR en el Hospital Universitari de Bellvitge, donde todav\u00eda ejerce.<br \/>Doctor en Medicina por la Universidad de Barcelona.<br \/>M\u00e1ster en patolog\u00eda y cirug\u00eda del segmento posterior del globo ocular (Institut Universitari Barraquer).<br \/>Fellow of the European Board of Ophthalmology.<br \/>Formado en retina quir\u00fargica a trav\u00e9s del <em>Programa de Formaci\u00f3n de Expertos en Retina<\/em> de la Sociedad Espa\u00f1ola de Retina y V\u00edtreo (SERV).<br \/>Investigador en varios ensayos cl\u00ednicos relacionados con enfermedades de la retina.<br \/>Autor y coautor de varios art\u00edculos publicado en revistas de la especialidad.<\/p>\t\t\t\t\t\t\t\t<\/div>\n\t\t\t\t<\/div>\n\t\t\t\t\t<\/div>\n\t\t<\/div>\n\t\t\t\t\t<\/div>\n\t\t<\/section>\n\t\t\t\t<section class=\"elementor-section elementor-top-section elementor-element elementor-element-9ccd748 elementor-section-boxed elementor-section-height-default elementor-section-height-default\" data-id=\"9ccd748\" data-element_type=\"section\" data-e-type=\"section\">\n\t\t\t\t\t\t<div class=\"elementor-container elementor-column-gap-default\">\n\t\t\t\t\t<div class=\"elementor-column elementor-col-100 elementor-top-column elementor-element elementor-element-ce35f8f\" data-id=\"ce35f8f\" data-element_type=\"column\" data-e-type=\"column\">\n\t\t\t<div class=\"elementor-widget-wrap elementor-element-populated\">\n\t\t\t\t\t\t<div class=\"elementor-element elementor-element-e262836 elementor-widget elementor-widget-heading\" data-id=\"e262836\" data-element_type=\"widget\" data-e-type=\"widget\" data-widget_type=\"heading.default\">\n\t\t\t\t<div class=\"elementor-widget-container\">\n\t\t\t\t\t<h3 class=\"elementor-heading-title elementor-size-default\">SEGMENTO ANTERIOR<\/h3>\t\t\t\t<\/div>\n\t\t\t\t<\/div>\n\t\t\t\t\t<\/div>\n\t\t<\/div>\n\t\t\t\t\t<\/div>\n\t\t<\/section>\n\t\t\t\t<section class=\"elementor-section elementor-top-section elementor-element elementor-element-249e904 elementor-section-content-middle elementor-section-boxed elementor-section-height-default elementor-section-height-default\" data-id=\"249e904\" data-element_type=\"section\" data-e-type=\"section\">\n\t\t\t\t\t\t<div class=\"elementor-container elementor-column-gap-default\">\n\t\t\t\t\t<div class=\"elementor-column elementor-col-33 elementor-top-column elementor-element elementor-element-63058a3\" data-id=\"63058a3\" data-element_type=\"column\" data-e-type=\"column\">\n\t\t\t<div class=\"elementor-widget-wrap elementor-element-populated\">\n\t\t\t\t\t\t<div class=\"elementor-element elementor-element-279b1ec dce_masking-none elementor-widget elementor-widget-image\" data-id=\"279b1ec\" data-element_type=\"widget\" data-e-type=\"widget\" data-widget_type=\"image.default\">\n\t\t\t\t<div class=\"elementor-widget-container\">\n\t\t\t\t\t\t\t\t\t\t\t\t\t\t\t<img decoding=\"async\" width=\"290\" height=\"350\" src=\"https:\/\/www.institutmacula.com\/wp-content\/uploads\/2023\/08\/Dra-Paula-Verdaguer-1.jpg\" class=\"attachment-large size-large wp-image-4561\" alt=\"\" srcset=\"https:\/\/www.institutmacula.com\/wp-content\/uploads\/2023\/08\/Dra-Paula-Verdaguer-1.jpg 290w, https:\/\/www.institutmacula.com\/wp-content\/uploads\/2023\/08\/Dra-Paula-Verdaguer-1-249x300.jpg 249w\" sizes=\"(max-width: 290px) 100vw, 290px\" \/>\t\t\t\t\t\t\t\t\t\t\t\t\t\t\t<\/div>\n\t\t\t\t<\/div>\n\t\t\t\t\t<\/div>\n\t\t<\/div>\n\t\t\t\t<div class=\"elementor-column elementor-col-66 elementor-top-column elementor-element elementor-element-989671b\" data-id=\"989671b\" data-element_type=\"column\" data-e-type=\"column\">\n\t\t\t<div class=\"elementor-widget-wrap elementor-element-populated\">\n\t\t\t\t\t\t<div class=\"elementor-element elementor-element-e96e28a elementor-widget__width-auto elementor-widget elementor-widget-text-editor\" data-id=\"e96e28a\" data-element_type=\"widget\" data-e-type=\"widget\" data-widget_type=\"text-editor.default\">\n\t\t\t\t<div class=\"elementor-widget-container\">\n\t\t\t\t\t\t\t\t\t<p>Dra. Paula Verdaguer MD, PhD<\/p>\t\t\t\t\t\t\t\t<\/div>\n\t\t\t\t<\/div>\n\t\t\t\t<div class=\"elementor-element elementor-element-fd9acf1 elementor-shape-circle e-grid-align-right elementor-widget__width-auto elementor-grid-0 elementor-widget elementor-widget-social-icons\" data-id=\"fd9acf1\" data-element_type=\"widget\" data-e-type=\"widget\" data-widget_type=\"social-icons.default\">\n\t\t\t\t<div class=\"elementor-widget-container\">\n\t\t\t\t\t\t\t<div class=\"elementor-social-icons-wrapper elementor-grid\">\n\t\t\t\t\t\t\t<span class=\"elementor-grid-item\">\n\t\t\t\t\t<a class=\"elementor-icon elementor-social-icon elementor-social-icon-linkedin elementor-repeater-item-c0c686b\" href=\"https:\/\/www.linkedin.com\/in\/paula-verdaguer-md-phd-2796295b\/\" target=\"_blank\">\n\t\t\t\t\t\t<span class=\"elementor-screen-only\">Linkedin<\/span>\n\t\t\t\t\t\t<i aria-hidden=\"true\" class=\"fab fa-linkedin\"><\/i>\t\t\t\t\t<\/a>\n\t\t\t\t<\/span>\n\t\t\t\t\t<\/div>\n\t\t\t\t\t\t<\/div>\n\t\t\t\t<\/div>\n\t\t\t\t<div class=\"elementor-element elementor-element-213900e elementor-widget elementor-widget-text-editor\" data-id=\"213900e\" data-element_type=\"widget\" data-e-type=\"widget\" data-widget_type=\"text-editor.default\">\n\t\t\t\t<div class=\"elementor-widget-container\">\n\t\t\t\t\t\t\t\t\t<p>N\u00fam colegiado (COMB): 40.737<\/p>\t\t\t\t\t\t\t\t<\/div>\n\t\t\t\t<\/div>\n\t\t\t\t<div data-dce-text-color=\"#3F3F3F\" class=\"elementor-element elementor-element-609c3ee elementor-widget elementor-widget-text-editor\" data-id=\"609c3ee\" data-element_type=\"widget\" data-e-type=\"widget\" data-widget_type=\"text-editor.default\">\n\t\t\t\t<div class=\"elementor-widget-container\">\n\t\t\t\t\t\t\t\t\t<p>Oftalm\u00f3loga especialista en c\u00f3rnea, cirug\u00eda refractiva y catarata.<br \/>Licenciada en Medicina y Cirug\u00eda por la Universitat de Barcelona y especializada en oftalmolog\u00eda en la Cl\u00ednica Oftalmol\u00f3gica Barraquer (Barcelona). Doctorada <em>cum laude<\/em> en la Universitat Aut\u00f2noma de Barcelona. <em>Fellowship<\/em> en cirug\u00eda refractiva en el Institut Catal\u00e0 de Retina. M\u00e1ster de c\u00f3rnea, cirug\u00eda refractiva y catarata (Instituto de Microcirug\u00eda Ocular). Ha completado cursos en la European School for Advanced Studies in Ophthalmology (ESASO) en Lugano (Suiza) y ha colaborado con la Universidad Eye Clinic de la Maastricht University Medical Center (MUMC).<br \/>Es miembro de la European Society of Cataract and Refractive Surgeons (ESCRS) y la Sociedad Espa\u00f1ola de Cirug\u00eda Implanto-Refractiva (SECOIR), entre otros.<\/p>\t\t\t\t\t\t\t\t<\/div>\n\t\t\t\t<\/div>\n\t\t\t\t\t<\/div>\n\t\t<\/div>\n\t\t\t\t\t<\/div>\n\t\t<\/section>\n\t\t\t\t<section class=\"elementor-section elementor-top-section elementor-element elementor-element-9df78d6 elementor-section-boxed elementor-section-height-default elementor-section-height-default\" data-id=\"9df78d6\" data-element_type=\"section\" data-e-type=\"section\">\n\t\t\t\t\t\t<div class=\"elementor-container elementor-column-gap-default\">\n\t\t\t\t\t<div class=\"elementor-column elementor-col-100 elementor-top-column elementor-element elementor-element-0091b27\" data-id=\"0091b27\" data-element_type=\"column\" data-e-type=\"column\">\n\t\t\t<div class=\"elementor-widget-wrap elementor-element-populated\">\n\t\t\t\t\t\t<div class=\"elementor-element elementor-element-f3ef522 elementor-widget elementor-widget-heading\" data-id=\"f3ef522\" data-element_type=\"widget\" data-e-type=\"widget\" data-widget_type=\"heading.default\">\n\t\t\t\t<div class=\"elementor-widget-container\">\n\t\t\t\t\t<h3 class=\"elementor-heading-title elementor-size-default\">GLAUCOMA<\/h3>\t\t\t\t<\/div>\n\t\t\t\t<\/div>\n\t\t\t\t\t<\/div>\n\t\t<\/div>\n\t\t\t\t\t<\/div>\n\t\t<\/section>\n\t\t\t\t<section class=\"elementor-section elementor-top-section elementor-element elementor-element-60ae390 elementor-section-content-middle elementor-section-boxed elementor-section-height-default elementor-section-height-default\" data-id=\"60ae390\" data-element_type=\"section\" data-e-type=\"section\">\n\t\t\t\t\t\t<div class=\"elementor-container elementor-column-gap-default\">\n\t\t\t\t\t<div class=\"elementor-column elementor-col-33 elementor-top-column elementor-element elementor-element-06f9a45\" data-id=\"06f9a45\" data-element_type=\"column\" data-e-type=\"column\">\n\t\t\t<div class=\"elementor-widget-wrap elementor-element-populated\">\n\t\t\t\t\t\t<div class=\"elementor-element elementor-element-b539d9a dce_masking-none elementor-widget elementor-widget-image\" data-id=\"b539d9a\" data-element_type=\"widget\" data-e-type=\"widget\" data-widget_type=\"image.default\">\n\t\t\t\t<div class=\"elementor-widget-container\">\n\t\t\t\t\t\t\t\t\t\t\t\t\t\t\t<img loading=\"lazy\" decoding=\"async\" width=\"290\" height=\"350\" src=\"https:\/\/www.institutmacula.com\/wp-content\/uploads\/2023\/08\/Dr-Marc-Rosell.jpg\" class=\"attachment-large size-large wp-image-4544\" alt=\"Dr Marc Rosell\" srcset=\"https:\/\/www.institutmacula.com\/wp-content\/uploads\/2023\/08\/Dr-Marc-Rosell.jpg 290w, https:\/\/www.institutmacula.com\/wp-content\/uploads\/2023\/08\/Dr-Marc-Rosell-249x300.jpg 249w\" sizes=\"(max-width: 290px) 100vw, 290px\" \/>\t\t\t\t\t\t\t\t\t\t\t\t\t\t\t<\/div>\n\t\t\t\t<\/div>\n\t\t\t\t\t<\/div>\n\t\t<\/div>\n\t\t\t\t<div class=\"elementor-column elementor-col-66 elementor-top-column elementor-element elementor-element-f5ac968\" data-id=\"f5ac968\" data-element_type=\"column\" data-e-type=\"column\">\n\t\t\t<div class=\"elementor-widget-wrap elementor-element-populated\">\n\t\t\t\t\t\t<div class=\"elementor-element elementor-element-8e182f9 elementor-widget__width-auto elementor-widget elementor-widget-text-editor\" data-id=\"8e182f9\" data-element_type=\"widget\" data-e-type=\"widget\" data-widget_type=\"text-editor.default\">\n\t\t\t\t<div class=\"elementor-widget-container\">\n\t\t\t\t\t\t\t\t\t<p>Dr. Marc Rosell MD<\/p>\t\t\t\t\t\t\t\t<\/div>\n\t\t\t\t<\/div>\n\t\t\t\t<div class=\"elementor-element elementor-element-ceb9496 elementor-shape-circle e-grid-align-right elementor-widget__width-auto elementor-grid-0 elementor-widget elementor-widget-social-icons\" data-id=\"ceb9496\" data-element_type=\"widget\" data-e-type=\"widget\" data-widget_type=\"social-icons.default\">\n\t\t\t\t<div class=\"elementor-widget-container\">\n\t\t\t\t\t\t\t<div class=\"elementor-social-icons-wrapper elementor-grid\">\n\t\t\t\t\t\t\t<span class=\"elementor-grid-item\">\n\t\t\t\t\t<a class=\"elementor-icon elementor-social-icon elementor-social-icon-linkedin elementor-repeater-item-c0c686b\" href=\"https:\/\/www.linkedin.com\/in\/marc-rosell-glaucoma-surgeon\/\" target=\"_blank\">\n\t\t\t\t\t\t<span class=\"elementor-screen-only\">Linkedin<\/span>\n\t\t\t\t\t\t<i aria-hidden=\"true\" class=\"fab fa-linkedin\"><\/i>\t\t\t\t\t<\/a>\n\t\t\t\t<\/span>\n\t\t\t\t\t<\/div>\n\t\t\t\t\t\t<\/div>\n\t\t\t\t<\/div>\n\t\t\t\t<div class=\"elementor-element elementor-element-8f07309 elementor-widget elementor-widget-text-editor\" data-id=\"8f07309\" data-element_type=\"widget\" data-e-type=\"widget\" data-widget_type=\"text-editor.default\">\n\t\t\t\t<div class=\"elementor-widget-container\">\n\t\t\t\t\t\t\t\t\t<p>N\u00fam colegiado (COMB): 51.305<\/p>\t\t\t\t\t\t\t\t<\/div>\n\t\t\t\t<\/div>\n\t\t\t\t<div data-dce-text-color=\"#3F3F3F\" class=\"elementor-element elementor-element-bce947f elementor-widget elementor-widget-text-editor\" data-id=\"bce947f\" data-element_type=\"widget\" data-e-type=\"widget\" data-widget_type=\"text-editor.default\">\n\t\t\t\t<div class=\"elementor-widget-container\">\n\t\t\t\t\t\t\t\t\t<p>Graduado en Medicina y Cirug\u00eda en la Universidad Internacional de Catalu\u00f1a y especializado en Oftalmolog\u00eda en el Hospital Fundaci\u00f3n Asistencial Mutua de Terrassa, donde sigue ejerciendo como m\u00e9dico y cirujano y actualmente tambi\u00e9n como tutor de residentes de oftalmolog\u00eda. Especializado en cirug\u00eda de glaucoma. Domina t\u00e9cnicas como la esclerotom\u00eda profunda no perforante y la trabeculectom\u00eda, el implante de dispositivos de drenaje y microimplantes como iStent o XEN. Tambi\u00e9n domina t\u00e9cnicas de l\u00e1ser como la trabeculoplastia, hoy en d\u00eda primera l\u00ednea de tratamiento.<br \/>Es miembro de la Sociedad Espa\u00f1ola de Glaucoma y de la Sociedad Catalana de Oftalmolog\u00eda.<\/p>\t\t\t\t\t\t\t\t<\/div>\n\t\t\t\t<\/div>\n\t\t\t\t\t<\/div>\n\t\t<\/div>\n\t\t\t\t\t<\/div>\n\t\t<\/section>\n\t\t\t\t<section class=\"elementor-section elementor-top-section elementor-element elementor-element-4abd6a1 elementor-section-boxed elementor-section-height-default elementor-section-height-default\" data-id=\"4abd6a1\" data-element_type=\"section\" data-e-type=\"section\">\n\t\t\t\t\t\t<div class=\"elementor-container elementor-column-gap-default\">\n\t\t\t\t\t<div class=\"elementor-column elementor-col-100 elementor-top-column elementor-element elementor-element-73239e9\" data-id=\"73239e9\" data-element_type=\"column\" data-e-type=\"column\">\n\t\t\t<div class=\"elementor-widget-wrap elementor-element-populated\">\n\t\t\t\t\t\t<div class=\"elementor-element elementor-element-04f2d07 elementor-widget elementor-widget-heading\" data-id=\"04f2d07\" data-element_type=\"widget\" data-e-type=\"widget\" data-widget_type=\"heading.default\">\n\t\t\t\t<div class=\"elementor-widget-container\">\n\t\t\t\t\t<h3 class=\"elementor-heading-title elementor-size-default\">PL\u00c1STICA OCULAR<\/h3>\t\t\t\t<\/div>\n\t\t\t\t<\/div>\n\t\t\t\t\t<\/div>\n\t\t<\/div>\n\t\t\t\t\t<\/div>\n\t\t<\/section>\n\t\t\t\t<section class=\"elementor-section elementor-top-section elementor-element elementor-element-ce1163e elementor-section-content-middle elementor-section-boxed elementor-section-height-default elementor-section-height-default\" data-id=\"ce1163e\" data-element_type=\"section\" data-e-type=\"section\">\n\t\t\t\t\t\t<div class=\"elementor-container elementor-column-gap-default\">\n\t\t\t\t\t<div class=\"elementor-column elementor-col-33 elementor-top-column elementor-element elementor-element-c51a53d\" data-id=\"c51a53d\" data-element_type=\"column\" data-e-type=\"column\">\n\t\t\t<div class=\"elementor-widget-wrap elementor-element-populated\">\n\t\t\t\t\t\t<div class=\"elementor-element elementor-element-e90a99c dce_masking-none elementor-widget elementor-widget-image\" data-id=\"e90a99c\" data-element_type=\"widget\" data-e-type=\"widget\" data-widget_type=\"image.default\">\n\t\t\t\t<div class=\"elementor-widget-container\">\n\t\t\t\t\t\t\t\t\t\t\t\t\t\t\t<img loading=\"lazy\" decoding=\"async\" width=\"290\" height=\"350\" src=\"https:\/\/www.institutmacula.com\/wp-content\/uploads\/2023\/07\/Dr-Jose-Nieto.jpg\" class=\"attachment-large size-large wp-image-3810\" alt=\"\" srcset=\"https:\/\/www.institutmacula.com\/wp-content\/uploads\/2023\/07\/Dr-Jose-Nieto.jpg 290w, https:\/\/www.institutmacula.com\/wp-content\/uploads\/2023\/07\/Dr-Jose-Nieto-249x300.jpg 249w\" sizes=\"(max-width: 290px) 100vw, 290px\" \/>\t\t\t\t\t\t\t\t\t\t\t\t\t\t\t<\/div>\n\t\t\t\t<\/div>\n\t\t\t\t\t<\/div>\n\t\t<\/div>\n\t\t\t\t<div class=\"elementor-column elementor-col-66 elementor-top-column elementor-element elementor-element-3da9e42\" data-id=\"3da9e42\" data-element_type=\"column\" data-e-type=\"column\">\n\t\t\t<div class=\"elementor-widget-wrap elementor-element-populated\">\n\t\t\t\t\t\t<div class=\"elementor-element elementor-element-5f04d11 elementor-widget__width-auto elementor-widget elementor-widget-text-editor\" data-id=\"5f04d11\" data-element_type=\"widget\" data-e-type=\"widget\" data-widget_type=\"text-editor.default\">\n\t\t\t\t<div class=\"elementor-widget-container\">\n\t\t\t\t\t\t\t\t\t<p>Dr. Jos\u00e9 Nieto MD<\/p>\t\t\t\t\t\t\t\t<\/div>\n\t\t\t\t<\/div>\n\t\t\t\t<div class=\"elementor-element elementor-element-b0387da elementor-shape-circle e-grid-align-right elementor-widget__width-auto elementor-grid-0 elementor-widget elementor-widget-social-icons\" data-id=\"b0387da\" data-element_type=\"widget\" data-e-type=\"widget\" data-widget_type=\"social-icons.default\">\n\t\t\t\t<div class=\"elementor-widget-container\">\n\t\t\t\t\t\t\t<div class=\"elementor-social-icons-wrapper elementor-grid\">\n\t\t\t\t\t\t\t<span class=\"elementor-grid-item\">\n\t\t\t\t\t<a class=\"elementor-icon elementor-social-icon elementor-social-icon-linkedin elementor-repeater-item-c0c686b\" href=\"https:\/\/www.linkedin.com\/in\/dr-jos\u00e9-nieto-enr\u00edquez-6b9aa814\/\" target=\"_blank\">\n\t\t\t\t\t\t<span class=\"elementor-screen-only\">Linkedin<\/span>\n\t\t\t\t\t\t<i aria-hidden=\"true\" class=\"fab fa-linkedin\"><\/i>\t\t\t\t\t<\/a>\n\t\t\t\t<\/span>\n\t\t\t\t\t<\/div>\n\t\t\t\t\t\t<\/div>\n\t\t\t\t<\/div>\n\t\t\t\t<div class=\"elementor-element elementor-element-e7e3725 elementor-widget elementor-widget-text-editor\" data-id=\"e7e3725\" data-element_type=\"widget\" data-e-type=\"widget\" data-widget_type=\"text-editor.default\">\n\t\t\t\t<div class=\"elementor-widget-container\">\n\t\t\t\t\t\t\t\t\t<p>N\u00fam colegiado (COMB): 38.579<\/p>\t\t\t\t\t\t\t\t<\/div>\n\t\t\t\t<\/div>\n\t\t\t\t<div data-dce-text-color=\"#3F3F3F\" class=\"elementor-element elementor-element-0af4abc elementor-widget elementor-widget-text-editor\" data-id=\"0af4abc\" data-element_type=\"widget\" data-e-type=\"widget\" data-widget_type=\"text-editor.default\">\n\t\t\t\t<div class=\"elementor-widget-container\">\n\t\t\t\t\t\t\t\t\t<p>Oftalm\u00f3logo especialista en cirug\u00eda pl\u00e1stica ocular. Licenciado en Medicina y Cirug\u00eda por la Universitat de Barcelona y especializado en Oftalmolog\u00eda en el Hospital Vall d&#8217;Hebron de Barcelona. Programa de subespecializaci\u00f3n en cirug\u00eda pl\u00e1stica ocular por la American Society of Ophthalmic Plastic and Reconstructive Surgery (ASOPRS) en Michigan (EE.UU.). Fue el primer oftalm\u00f3logo espa\u00f1ol que ha completado un programa de formaci\u00f3n del ASOPRS.<br \/>Especializado en cirug\u00eda est\u00e9tica de los p\u00e1rpados mediante el uso de t\u00e9cnicas m\u00ednimamente invasivas sin cicatrices visibles y en rejuvenecimiento facial sin cirug\u00eda con tratamientos m\u00e9dicos de \u00faltima generaci\u00f3n. Es tambi\u00e9n especialista en cirug\u00eda reconstructiva de los p\u00e1rpados, de la \u00f3rbita y de la v\u00eda lagrimal. Miembro de la European Society of Ophthalmic Plastic and Reconstructive Surgery y la American Society of Ophthalmic Plastic and Reconstructive Surgery, entre otros.<\/p>\t\t\t\t\t\t\t\t<\/div>\n\t\t\t\t<\/div>\n\t\t\t\t\t<\/div>\n\t\t<\/div>\n\t\t\t\t\t<\/div>\n\t\t<\/section>\n\t\t\t\t<section class=\"elementor-section elementor-top-section elementor-element elementor-element-cdcbe7a elementor-section-content-middle elementor-section-boxed elementor-section-height-default elementor-section-height-default\" data-id=\"cdcbe7a\" data-element_type=\"section\" data-e-type=\"section\">\n\t\t\t\t\t\t<div class=\"elementor-container elementor-column-gap-default\">\n\t\t\t\t\t<div class=\"elementor-column elementor-col-33 elementor-top-column elementor-element elementor-element-4e8821f\" data-id=\"4e8821f\" data-element_type=\"column\" data-e-type=\"column\">\n\t\t\t<div class=\"elementor-widget-wrap elementor-element-populated\">\n\t\t\t\t\t\t<div class=\"elementor-element elementor-element-5db4c3b dce_masking-none elementor-widget elementor-widget-image\" data-id=\"5db4c3b\" data-element_type=\"widget\" data-e-type=\"widget\" data-widget_type=\"image.default\">\n\t\t\t\t<div class=\"elementor-widget-container\">\n\t\t\t\t\t\t\t\t\t\t\t\t\t\t\t<img loading=\"lazy\" decoding=\"async\" width=\"290\" height=\"350\" src=\"https:\/\/www.institutmacula.com\/wp-content\/uploads\/2024\/08\/dra-herranz-institut-de-la-macula-1.jpg\" class=\"attachment-large size-large wp-image-6539\" alt=\"\" srcset=\"https:\/\/www.institutmacula.com\/wp-content\/uploads\/2024\/08\/dra-herranz-institut-de-la-macula-1.jpg 290w, https:\/\/www.institutmacula.com\/wp-content\/uploads\/2024\/08\/dra-herranz-institut-de-la-macula-1-249x300.jpg 249w\" sizes=\"(max-width: 290px) 100vw, 290px\" \/>\t\t\t\t\t\t\t\t\t\t\t\t\t\t\t<\/div>\n\t\t\t\t<\/div>\n\t\t\t\t\t<\/div>\n\t\t<\/div>\n\t\t\t\t<div class=\"elementor-column elementor-col-66 elementor-top-column elementor-element elementor-element-3fd2045\" data-id=\"3fd2045\" data-element_type=\"column\" data-e-type=\"column\">\n\t\t\t<div class=\"elementor-widget-wrap elementor-element-populated\">\n\t\t\t\t\t\t<div class=\"elementor-element elementor-element-bbb9abb elementor-widget__width-auto elementor-widget elementor-widget-text-editor\" data-id=\"bbb9abb\" data-element_type=\"widget\" data-e-type=\"widget\" data-widget_type=\"text-editor.default\">\n\t\t\t\t<div class=\"elementor-widget-container\">\n\t\t\t\t\t\t\t\t\t<p>Drs. Alejandra Herranz Cabarcos, MD PhD<\/p>\t\t\t\t\t\t\t\t<\/div>\n\t\t\t\t<\/div>\n\t\t\t\t<div class=\"elementor-element elementor-element-931b962 elementor-shape-circle e-grid-align-right elementor-widget__width-auto elementor-grid-0 elementor-widget elementor-widget-social-icons\" data-id=\"931b962\" data-element_type=\"widget\" data-e-type=\"widget\" data-widget_type=\"social-icons.default\">\n\t\t\t\t<div class=\"elementor-widget-container\">\n\t\t\t\t\t\t\t<div class=\"elementor-social-icons-wrapper elementor-grid\">\n\t\t\t\t\t\t\t<span class=\"elementor-grid-item\">\n\t\t\t\t\t<a class=\"elementor-icon elementor-social-icon elementor-social-icon-linkedin elementor-repeater-item-c0c686b\" target=\"_blank\">\n\t\t\t\t\t\t<span class=\"elementor-screen-only\">Linkedin<\/span>\n\t\t\t\t\t\t<i aria-hidden=\"true\" class=\"fab fa-linkedin\"><\/i>\t\t\t\t\t<\/a>\n\t\t\t\t<\/span>\n\t\t\t\t\t<\/div>\n\t\t\t\t\t\t<\/div>\n\t\t\t\t<\/div>\n\t\t\t\t<div class=\"elementor-element elementor-element-cbd8fb0 elementor-widget elementor-widget-text-editor\" data-id=\"cbd8fb0\" data-element_type=\"widget\" data-e-type=\"widget\" data-widget_type=\"text-editor.default\">\n\t\t\t\t<div class=\"elementor-widget-container\">\n\t\t\t\t\t\t\t\t\t<p>N\u00fam colegiado (COMB): 51.435<\/p>\t\t\t\t\t\t\t\t<\/div>\n\t\t\t\t<\/div>\n\t\t\t\t<div data-dce-text-color=\"#3F3F3F\" class=\"elementor-element elementor-element-f5cd07b elementor-widget elementor-widget-text-editor\" data-id=\"f5cd07b\" data-element_type=\"widget\" data-e-type=\"widget\" data-widget_type=\"text-editor.default\">\n\t\t\t\t<div class=\"elementor-widget-container\">\n\t\t\t\t\t\t\t\t\t<p>Oftalm\u00f3loga especializada en cirug\u00eda pl\u00e1stica ocular. Licenciada en Medicina y Cirug\u00eda por la Universidad de Barcelona, \u200b\u200bse especializ\u00f3 en Oftalmolog\u00eda en el Hospital de l&#8217;Esperan\u00e7a (Parc Salut Mar, Barcelona) y obtuvo el Doctorado Cum Laude por la Universidad Aut\u00f3noma de Barcelona.<br \/>Realiz\u00f3 el M\u00e1ster en Medicina Est\u00e9tica en la Universidad de Barcelona (2022-2023).<br \/>Est\u00e1 adscrita al Departamento de Cirug\u00eda Pl\u00e1stica Ocular del Consorcio Sanitario Mois\u00e8s Broggi (Sant Joan Desp\u00ed, Barcelona).<br \/>Es miembro de la Sociedad Catalana de Oftalmolog\u00eda, la Sociedad Espa\u00f1ola de Cirug\u00eda Pl\u00e1stica Ocular y Orbitaria y la Sociedad Europea de Cirug\u00eda Pl\u00e1stica y Reconstructiva Oft\u00e1lmica (ESOPRS).<br \/>Colabora con la ONGD OCULARIS en la formaci\u00f3n de oftalm\u00f3logos en Mozambique.<\/p>\t\t\t\t\t\t\t\t<\/div>\n\t\t\t\t<\/div>\n\t\t\t\t\t<\/div>\n\t\t<\/div>\n\t\t\t\t\t<\/div>\n\t\t<\/section>\n\t\t\t\t<section class=\"elementor-section elementor-top-section elementor-element elementor-element-db08d62 elementor-section-boxed elementor-section-height-default elementor-section-height-default\" data-id=\"db08d62\" data-element_type=\"section\" data-e-type=\"section\">\n\t\t\t\t\t\t<div class=\"elementor-container elementor-column-gap-default\">\n\t\t\t\t\t<div class=\"elementor-column elementor-col-100 elementor-top-column elementor-element elementor-element-3589443\" data-id=\"3589443\" data-element_type=\"column\" data-e-type=\"column\">\n\t\t\t<div class=\"elementor-widget-wrap elementor-element-populated\">\n\t\t\t\t\t\t<div class=\"elementor-element elementor-element-07d8a16 elementor-widget-divider--view-line elementor-widget elementor-widget-divider\" data-id=\"07d8a16\" data-element_type=\"widget\" data-e-type=\"widget\" data-widget_type=\"divider.default\">\n\t\t\t\t<div class=\"elementor-widget-container\">\n\t\t\t\t\t\t\t<div class=\"elementor-divider\">\n\t\t\t<span class=\"elementor-divider-separator\">\n\t\t\t\t\t\t<\/span>\n\t\t<\/div>\n\t\t\t\t\t\t<\/div>\n\t\t\t\t<\/div>\n\t\t\t\t<div class=\"elementor-element elementor-element-7a80d32 elementor-widget elementor-widget-heading\" data-id=\"7a80d32\" data-element_type=\"widget\" data-e-type=\"widget\" data-widget_type=\"heading.default\">\n\t\t\t\t<div class=\"elementor-widget-container\">\n\t\t\t\t\t<h2 class=\"elementor-heading-title elementor-size-default\">INVESTIGACI\u00d3N CL\u00cdNICA Y COORDINACI\u00d3N DEL DEPARTAMENTO ASISTENCIAL<\/h2>\t\t\t\t<\/div>\n\t\t\t\t<\/div>\n\t\t\t\t\t<\/div>\n\t\t<\/div>\n\t\t\t\t\t<\/div>\n\t\t<\/section>\n\t\t\t\t<section class=\"elementor-section elementor-top-section elementor-element elementor-element-28fd83a elementor-section-content-middle elementor-section-boxed elementor-section-height-default elementor-section-height-default\" data-id=\"28fd83a\" data-element_type=\"section\" data-e-type=\"section\">\n\t\t\t\t\t\t<div class=\"elementor-container elementor-column-gap-default\">\n\t\t\t\t\t<div class=\"elementor-column elementor-col-33 elementor-top-column elementor-element elementor-element-e35122a\" data-id=\"e35122a\" data-element_type=\"column\" data-e-type=\"column\">\n\t\t\t<div class=\"elementor-widget-wrap elementor-element-populated\">\n\t\t\t\t\t\t<div class=\"elementor-element elementor-element-8a82448 dce_masking-none elementor-widget elementor-widget-image\" data-id=\"8a82448\" data-element_type=\"widget\" data-e-type=\"widget\" data-widget_type=\"image.default\">\n\t\t\t\t<div class=\"elementor-widget-container\">\n\t\t\t\t\t\t\t\t\t\t\t\t\t\t\t<img loading=\"lazy\" decoding=\"async\" width=\"290\" height=\"350\" src=\"https:\/\/www.institutmacula.com\/wp-content\/uploads\/2023\/07\/Miriam-Garcia.jpg\" class=\"attachment-large size-large wp-image-3811\" alt=\"\" srcset=\"https:\/\/www.institutmacula.com\/wp-content\/uploads\/2023\/07\/Miriam-Garcia.jpg 290w, https:\/\/www.institutmacula.com\/wp-content\/uploads\/2023\/07\/Miriam-Garcia-249x300.jpg 249w\" sizes=\"(max-width: 290px) 100vw, 290px\" \/>\t\t\t\t\t\t\t\t\t\t\t\t\t\t\t<\/div>\n\t\t\t\t<\/div>\n\t\t\t\t\t<\/div>\n\t\t<\/div>\n\t\t\t\t<div class=\"elementor-column elementor-col-66 elementor-top-column elementor-element elementor-element-990d1be\" data-id=\"990d1be\" data-element_type=\"column\" data-e-type=\"column\">\n\t\t\t<div class=\"elementor-widget-wrap elementor-element-populated\">\n\t\t\t\t\t\t<div class=\"elementor-element elementor-element-18905c1 elementor-widget__width-auto elementor-widget elementor-widget-text-editor\" data-id=\"18905c1\" data-element_type=\"widget\" data-e-type=\"widget\" data-widget_type=\"text-editor.default\">\n\t\t\t\t<div class=\"elementor-widget-container\">\n\t\t\t\t\t\t\t\t\t<p>M\u00edriam Garcia MSc<\/p>\t\t\t\t\t\t\t\t<\/div>\n\t\t\t\t<\/div>\n\t\t\t\t<div class=\"elementor-element elementor-element-f0617d5 elementor-shape-circle e-grid-align-right elementor-widget__width-auto elementor-grid-0 elementor-widget elementor-widget-social-icons\" data-id=\"f0617d5\" data-element_type=\"widget\" data-e-type=\"widget\" data-widget_type=\"social-icons.default\">\n\t\t\t\t<div class=\"elementor-widget-container\">\n\t\t\t\t\t\t\t<div class=\"elementor-social-icons-wrapper elementor-grid\">\n\t\t\t\t\t\t\t<span class=\"elementor-grid-item\">\n\t\t\t\t\t<a class=\"elementor-icon elementor-social-icon elementor-social-icon-linkedin elementor-repeater-item-c0c686b\" href=\"https:\/\/www.linkedin.com\/in\/m%C3%ADriam-garcia-planas-b6461b41\" target=\"_blank\">\n\t\t\t\t\t\t<span class=\"elementor-screen-only\">Linkedin<\/span>\n\t\t\t\t\t\t<i aria-hidden=\"true\" class=\"fab fa-linkedin\"><\/i>\t\t\t\t\t<\/a>\n\t\t\t\t<\/span>\n\t\t\t\t\t<\/div>\n\t\t\t\t\t\t<\/div>\n\t\t\t\t<\/div>\n\t\t\t\t<div data-dce-text-color=\"#3F3F3F\" class=\"elementor-element elementor-element-8ecc0ac elementor-widget elementor-widget-text-editor\" data-id=\"8ecc0ac\" data-element_type=\"widget\" data-e-type=\"widget\" data-widget_type=\"text-editor.default\">\n\t\t\t\t<div class=\"elementor-widget-container\">\n\t\t\t\t\t\t\t\t\t<p>Diplomada en \u00d3ptica y Optometr\u00eda (Escola Universit\u00e0ria d\u2019\u00d2ptica i Optometria de Terrassa). M\u00e1ster en Investigaci\u00f3n Cl\u00ednica y Ciencias de la Salud por la Universitat Aut\u00f2noma de Barcelona. Ha participado en ensayos cl\u00ednicos en fases I a IV, en estudios observacionales y en proyectos financiados por la Uni\u00f3n Europea en el marco del Horizon 2020, relacionados con enfermedades degenerativas de la retina.<br \/>Coautora del libro \u201cRetina y nervio \u00f3ptico para optometristas y otros profesionales sanitarios\u201d. Coautora de art\u00edculos publicados en revistas de referencia en oftalmolog\u00eda. Revisora de art\u00edculos cient\u00edficos en revistas internacionales. Ponente y autora de p\u00f3sters en congresos nacionales e internacionales relacionados con la optometr\u00eda y la investigaci\u00f3n en ciencias de la visi\u00f3n.<\/p>\t\t\t\t\t\t\t\t<\/div>\n\t\t\t\t<\/div>\n\t\t\t\t\t<\/div>\n\t\t<\/div>\n\t\t\t\t\t<\/div>\n\t\t<\/section>\n\t\t\t\t<section class=\"elementor-section elementor-top-section elementor-element elementor-element-26713ba elementor-section-boxed elementor-section-height-default elementor-section-height-default\" data-id=\"26713ba\" data-element_type=\"section\" data-e-type=\"section\">\n\t\t\t\t\t\t<div class=\"elementor-container elementor-column-gap-default\">\n\t\t\t\t\t<div class=\"elementor-column elementor-col-100 elementor-top-column elementor-element elementor-element-4969690\" data-id=\"4969690\" data-element_type=\"column\" data-e-type=\"column\">\n\t\t\t<div class=\"elementor-widget-wrap elementor-element-populated\">\n\t\t\t\t\t\t<div class=\"elementor-element elementor-element-c2da515 elementor-widget-divider--view-line elementor-widget elementor-widget-divider\" data-id=\"c2da515\" data-element_type=\"widget\" data-e-type=\"widget\" data-widget_type=\"divider.default\">\n\t\t\t\t<div class=\"elementor-widget-container\">\n\t\t\t\t\t\t\t<div class=\"elementor-divider\">\n\t\t\t<span class=\"elementor-divider-separator\">\n\t\t\t\t\t\t<\/span>\n\t\t<\/div>\n\t\t\t\t\t\t<\/div>\n\t\t\t\t<\/div>\n\t\t\t\t<div class=\"elementor-element elementor-element-4917e98 elementor-widget elementor-widget-heading\" data-id=\"4917e98\" data-element_type=\"widget\" data-e-type=\"widget\" data-widget_type=\"heading.default\">\n\t\t\t\t<div class=\"elementor-widget-container\">\n\t\t\t\t\t<h2 class=\"elementor-heading-title elementor-size-default\">OPTOMETR\u00cdA, ENFERMER\u00cdA Y PRUEBAS DIAGN\u00d3STICAS<\/h2>\t\t\t\t<\/div>\n\t\t\t\t<\/div>\n\t\t\t\t\t<\/div>\n\t\t<\/div>\n\t\t\t\t\t<\/div>\n\t\t<\/section>\n\t\t\t\t<section class=\"elementor-section elementor-top-section elementor-element elementor-element-0bfda95 elementor-section-content-middle elementor-section-boxed elementor-section-height-default elementor-section-height-default\" data-id=\"0bfda95\" data-element_type=\"section\" data-e-type=\"section\">\n\t\t\t\t\t\t<div class=\"elementor-container elementor-column-gap-default\">\n\t\t\t\t\t<div class=\"elementor-column elementor-col-25 elementor-top-column elementor-element elementor-element-4c949c0\" data-id=\"4c949c0\" data-element_type=\"column\" data-e-type=\"column\">\n\t\t\t<div class=\"elementor-widget-wrap elementor-element-populated\">\n\t\t\t\t\t\t<div class=\"elementor-element elementor-element-4b62dbb dce_masking-none elementor-widget elementor-widget-image\" data-id=\"4b62dbb\" data-element_type=\"widget\" data-e-type=\"widget\" data-widget_type=\"image.default\">\n\t\t\t\t<div class=\"elementor-widget-container\">\n\t\t\t\t\t\t\t\t\t\t\t\t\t\t\t<img loading=\"lazy\" decoding=\"async\" width=\"290\" height=\"350\" src=\"https:\/\/www.institutmacula.com\/wp-content\/uploads\/2023\/07\/Cristina-Romero.jpg\" class=\"attachment-large size-large wp-image-3813\" alt=\"\" srcset=\"https:\/\/www.institutmacula.com\/wp-content\/uploads\/2023\/07\/Cristina-Romero.jpg 290w, https:\/\/www.institutmacula.com\/wp-content\/uploads\/2023\/07\/Cristina-Romero-249x300.jpg 249w\" sizes=\"(max-width: 290px) 100vw, 290px\" \/>\t\t\t\t\t\t\t\t\t\t\t\t\t\t\t<\/div>\n\t\t\t\t<\/div>\n\t\t\t\t<div class=\"elementor-element elementor-element-b97cc9b elementor-widget__width-auto elementor-widget elementor-widget-text-editor\" data-id=\"b97cc9b\" data-element_type=\"widget\" data-e-type=\"widget\" data-widget_type=\"text-editor.default\">\n\t\t\t\t<div class=\"elementor-widget-container\">\n\t\t\t\t\t\t\t\t\t<p>Cristina Romero<\/p>\t\t\t\t\t\t\t\t<\/div>\n\t\t\t\t<\/div>\n\t\t\t\t<div class=\"elementor-element elementor-element-f33b40e elementor-shape-circle e-grid-align-right elementor-widget__width-auto elementor-grid-0 elementor-widget elementor-widget-social-icons\" data-id=\"f33b40e\" data-element_type=\"widget\" data-e-type=\"widget\" data-widget_type=\"social-icons.default\">\n\t\t\t\t<div class=\"elementor-widget-container\">\n\t\t\t\t\t\t\t<div class=\"elementor-social-icons-wrapper elementor-grid\">\n\t\t\t\t\t\t\t<span class=\"elementor-grid-item\">\n\t\t\t\t\t<a class=\"elementor-icon elementor-social-icon elementor-social-icon-linkedin elementor-repeater-item-c0c686b\" href=\"https:\/\/www.linkedin.com\/in\/cristina-romero-gallego-0173201a1\/\" target=\"_blank\">\n\t\t\t\t\t\t<span class=\"elementor-screen-only\">Linkedin<\/span>\n\t\t\t\t\t\t<i aria-hidden=\"true\" class=\"fab fa-linkedin\"><\/i>\t\t\t\t\t<\/a>\n\t\t\t\t<\/span>\n\t\t\t\t\t<\/div>\n\t\t\t\t\t\t<\/div>\n\t\t\t\t<\/div>\n\t\t\t\t<div data-dce-text-color=\"#3F3F3F\" class=\"elementor-element elementor-element-485e7b3 elementor-widget elementor-widget-text-editor\" data-id=\"485e7b3\" data-element_type=\"widget\" data-e-type=\"widget\" data-widget_type=\"text-editor.default\">\n\t\t\t\t<div class=\"elementor-widget-container\">\n\t\t\t\t\t\t\t\t\t<p>Optometrista.<br \/>Diplomada en \u00d3ptica y Optometr\u00eda y Licenciada en Ciencias F\u00edsicas por la Universidad de Granada. Postgrado en Optometr\u00eda Cl\u00ednica en el Instituto de Microcirug\u00eda Ocular de Barcelona. Optometrista y coordinadora de ensayos cl\u00ednicos relacionados con el tratamiento de patolog\u00edas de la retina.<br \/>Participante en congresos internacionales relacionados con la optometr\u00eda.<\/p>\t\t\t\t\t\t\t\t<\/div>\n\t\t\t\t<\/div>\n\t\t\t\t\t<\/div>\n\t\t<\/div>\n\t\t\t\t<div class=\"elementor-column elementor-col-25 elementor-top-column elementor-element elementor-element-e4d82d5\" data-id=\"e4d82d5\" data-element_type=\"column\" data-e-type=\"column\">\n\t\t\t<div class=\"elementor-widget-wrap elementor-element-populated\">\n\t\t\t\t\t\t<div class=\"elementor-element elementor-element-36d3dae dce_masking-none elementor-widget elementor-widget-image\" data-id=\"36d3dae\" data-element_type=\"widget\" data-e-type=\"widget\" data-widget_type=\"image.default\">\n\t\t\t\t<div class=\"elementor-widget-container\">\n\t\t\t\t\t\t\t\t\t\t\t\t\t\t\t<img loading=\"lazy\" decoding=\"async\" width=\"290\" height=\"350\" src=\"https:\/\/www.institutmacula.com\/wp-content\/uploads\/2023\/07\/Daniel-Garcia.jpg\" class=\"attachment-large size-large wp-image-3815\" alt=\"\" srcset=\"https:\/\/www.institutmacula.com\/wp-content\/uploads\/2023\/07\/Daniel-Garcia.jpg 290w, https:\/\/www.institutmacula.com\/wp-content\/uploads\/2023\/07\/Daniel-Garcia-249x300.jpg 249w\" sizes=\"(max-width: 290px) 100vw, 290px\" \/>\t\t\t\t\t\t\t\t\t\t\t\t\t\t\t<\/div>\n\t\t\t\t<\/div>\n\t\t\t\t<div class=\"elementor-element elementor-element-23ba948 elementor-widget__width-auto elementor-widget elementor-widget-text-editor\" data-id=\"23ba948\" data-element_type=\"widget\" data-e-type=\"widget\" data-widget_type=\"text-editor.default\">\n\t\t\t\t<div class=\"elementor-widget-container\">\n\t\t\t\t\t\t\t\t\t<p>Daniel Garc\u00eda<\/p>\t\t\t\t\t\t\t\t<\/div>\n\t\t\t\t<\/div>\n\t\t\t\t<div class=\"elementor-element elementor-element-5330ee2 elementor-shape-circle e-grid-align-right elementor-widget__width-auto elementor-grid-0 elementor-widget elementor-widget-social-icons\" data-id=\"5330ee2\" data-element_type=\"widget\" data-e-type=\"widget\" data-widget_type=\"social-icons.default\">\n\t\t\t\t<div class=\"elementor-widget-container\">\n\t\t\t\t\t\t\t<div class=\"elementor-social-icons-wrapper elementor-grid\">\n\t\t\t\t\t\t\t<span class=\"elementor-grid-item\">\n\t\t\t\t\t<a class=\"elementor-icon elementor-social-icon elementor-social-icon-linkedin elementor-repeater-item-c0c686b\" href=\"https:\/\/www.linkedin.com\/in\/dani-garc%C3%ADa-cervera-69a93117b\/\" target=\"_blank\">\n\t\t\t\t\t\t<span class=\"elementor-screen-only\">Linkedin<\/span>\n\t\t\t\t\t\t<i aria-hidden=\"true\" class=\"fab fa-linkedin\"><\/i>\t\t\t\t\t<\/a>\n\t\t\t\t<\/span>\n\t\t\t\t\t<\/div>\n\t\t\t\t\t\t<\/div>\n\t\t\t\t<\/div>\n\t\t\t\t<div data-dce-text-color=\"#3F3F3F\" class=\"elementor-element elementor-element-9ac4f71 elementor-widget elementor-widget-text-editor\" data-id=\"9ac4f71\" data-element_type=\"widget\" data-e-type=\"widget\" data-widget_type=\"text-editor.default\">\n\t\t\t\t<div class=\"elementor-widget-container\">\n\t\t\t\t\t\t\t\t\t<p>Optometrista.<br \/>Graduado en \u00d3ptica y Optometr\u00eda (Facultat d\u2019\u00d2ptica i Optometria de Terrassa, 2022). Formado en el manejo optom\u00e9trico del control de la miop\u00eda en el Centro de Oftalmolog\u00eda Orduna, 2023. Participa en estudios observacionales y en ensayos cl\u00ednicos de fase II a IV.<\/p>\t\t\t\t\t\t\t\t<\/div>\n\t\t\t\t<\/div>\n\t\t\t\t\t<\/div>\n\t\t<\/div>\n\t\t\t\t<div class=\"elementor-column elementor-col-25 elementor-top-column elementor-element elementor-element-56e1770\" data-id=\"56e1770\" data-element_type=\"column\" data-e-type=\"column\">\n\t\t\t<div class=\"elementor-widget-wrap elementor-element-populated\">\n\t\t\t\t\t\t<div class=\"elementor-element elementor-element-6b0d9c9 dce_masking-none elementor-widget elementor-widget-image\" data-id=\"6b0d9c9\" data-element_type=\"widget\" data-e-type=\"widget\" data-widget_type=\"image.default\">\n\t\t\t\t<div class=\"elementor-widget-container\">\n\t\t\t\t\t\t\t\t\t\t\t\t\t\t\t<img loading=\"lazy\" decoding=\"async\" width=\"290\" height=\"350\" src=\"https:\/\/www.institutmacula.com\/wp-content\/uploads\/2026\/04\/Ruth-Sintes.jpg\" class=\"attachment-large size-large wp-image-8362\" alt=\"\" srcset=\"https:\/\/www.institutmacula.com\/wp-content\/uploads\/2026\/04\/Ruth-Sintes.jpg 290w, https:\/\/www.institutmacula.com\/wp-content\/uploads\/2026\/04\/Ruth-Sintes-249x300.jpg 249w\" sizes=\"(max-width: 290px) 100vw, 290px\" \/>\t\t\t\t\t\t\t\t\t\t\t\t\t\t\t<\/div>\n\t\t\t\t<\/div>\n\t\t\t\t<div class=\"elementor-element elementor-element-ec3db2d elementor-widget__width-inherit elementor-widget elementor-widget-text-editor\" data-id=\"ec3db2d\" data-element_type=\"widget\" data-e-type=\"widget\" data-widget_type=\"text-editor.default\">\n\t\t\t\t<div class=\"elementor-widget-container\">\n\t\t\t\t\t\t\t\t\t<p>Ruth Sintes<\/p>\t\t\t\t\t\t\t\t<\/div>\n\t\t\t\t<\/div>\n\t\t\t\t<div data-dce-text-color=\"#3F3F3F\" class=\"elementor-element elementor-element-9644dfb elementor-widget elementor-widget-text-editor\" data-id=\"9644dfb\" data-element_type=\"widget\" data-e-type=\"widget\" data-widget_type=\"text-editor.default\">\n\t\t\t\t<div class=\"elementor-widget-container\">\n\t\t\t\t\t\t\t\t\t<p>Optometrista.<br \/>Graduada en \u00d2ptica i Optometria per la Universitat Polit\u00e8cnica de Catalunya (2018). Postgrau en Optometria Cl\u00ednica a l\u2019Institut de Microcirurgia Ocular de Barcelona. Optometrista i coordinadora d\u2019assaigs cl\u00ednics relacionats amb l\u2019implantaci\u00f3 de lents intraoculars, el tractament de patologies de la retina i tractament pel control de la miopia en pacients pedi\u00e0trics. Ha participat en congressos internacionals del sector, com l\u2019ESCRS (2025).<\/p>\t\t\t\t\t\t\t\t<\/div>\n\t\t\t\t<\/div>\n\t\t\t\t\t<\/div>\n\t\t<\/div>\n\t\t\t\t<div class=\"elementor-column elementor-col-25 elementor-top-column elementor-element elementor-element-82587be\" data-id=\"82587be\" data-element_type=\"column\" data-e-type=\"column\">\n\t\t\t<div class=\"elementor-widget-wrap elementor-element-populated\">\n\t\t\t\t\t\t<div class=\"elementor-element elementor-element-b76839e dce_masking-none elementor-widget elementor-widget-image\" data-id=\"b76839e\" data-element_type=\"widget\" data-e-type=\"widget\" data-widget_type=\"image.default\">\n\t\t\t\t<div class=\"elementor-widget-container\">\n\t\t\t\t\t\t\t\t\t\t\t\t\t\t\t<img loading=\"lazy\" decoding=\"async\" width=\"290\" height=\"350\" src=\"https:\/\/www.institutmacula.com\/wp-content\/uploads\/2023\/07\/Anna-Serrano.jpg\" class=\"attachment-large size-large wp-image-3812\" alt=\"\" srcset=\"https:\/\/www.institutmacula.com\/wp-content\/uploads\/2023\/07\/Anna-Serrano.jpg 290w, https:\/\/www.institutmacula.com\/wp-content\/uploads\/2023\/07\/Anna-Serrano-249x300.jpg 249w\" sizes=\"(max-width: 290px) 100vw, 290px\" \/>\t\t\t\t\t\t\t\t\t\t\t\t\t\t\t<\/div>\n\t\t\t\t<\/div>\n\t\t\t\t<div class=\"elementor-element elementor-element-f9b41a1 elementor-widget__width-inherit elementor-widget elementor-widget-text-editor\" data-id=\"f9b41a1\" data-element_type=\"widget\" data-e-type=\"widget\" data-widget_type=\"text-editor.default\">\n\t\t\t\t<div class=\"elementor-widget-container\">\n\t\t\t\t\t\t\t\t\t<p>Anna Serrano<\/p>\t\t\t\t\t\t\t\t<\/div>\n\t\t\t\t<\/div>\n\t\t\t\t<div data-dce-text-color=\"#3F3F3F\" class=\"elementor-element elementor-element-9da364d elementor-widget elementor-widget-text-editor\" data-id=\"9da364d\" data-element_type=\"widget\" data-e-type=\"widget\" data-widget_type=\"text-editor.default\">\n\t\t\t\t<div class=\"elementor-widget-container\">\n\t\t\t\t\t\t\t\t\t<p>Responsable de pruebas diagn\u00f3sticas.<br \/>Diplomada en Enfermer\u00eda por la URL. Participa en estudios observacionales y en ensayos cl\u00ednicos de fase II a IV y ha colaborado en publicaciones relacionadas con la DMAE.<br \/>Ha impartido cursos como el Curso te\u00f3rico-pr\u00e1ctico de Fotograf\u00eda en Oftalmolog\u00eda (AEAO) y el Postgrado de enfermer\u00eda quir\u00fargica en oftalmolog\u00eda (UAB).<\/p>\t\t\t\t\t\t\t\t<\/div>\n\t\t\t\t<\/div>\n\t\t\t\t\t<\/div>\n\t\t<\/div>\n\t\t\t\t\t<\/div>\n\t\t<\/section>\n\t\t\t\t<section data-dce-background-color=\"#DDDEE2\" class=\"elementor-section elementor-top-section elementor-element elementor-element-bcff87d elementor-section-boxed elementor-section-height-default elementor-section-height-default\" data-id=\"bcff87d\" data-element_type=\"section\" data-e-type=\"section\" data-settings=\"{&quot;background_background&quot;:&quot;classic&quot;}\">\n\t\t\t\t\t\t<div class=\"elementor-container elementor-column-gap-default\">\n\t\t\t\t\t<div class=\"elementor-column elementor-col-100 elementor-top-column elementor-element elementor-element-3cb8e84\" data-id=\"3cb8e84\" data-element_type=\"column\" data-e-type=\"column\">\n\t\t\t<div class=\"elementor-widget-wrap elementor-element-populated\">\n\t\t\t\t\t\t<div class=\"elementor-element elementor-element-12db4c9 elementor-widget elementor-widget-heading\" data-id=\"12db4c9\" data-element_type=\"widget\" data-e-type=\"widget\" data-widget_type=\"heading.default\">\n\t\t\t\t<div class=\"elementor-widget-container\">\n\t\t\t\t\t<h2 class=\"elementor-heading-title elementor-size-default\">DIRECCI\u00d3N Y ADMINISTRACI\u00d3N<\/h2>\t\t\t\t<\/div>\n\t\t\t\t<\/div>\n\t\t\t\t\t<\/div>\n\t\t<\/div>\n\t\t\t\t\t<\/div>\n\t\t<\/section>\n\t\t\t\t<section data-dce-background-color=\"#DDDEE2\" class=\"elementor-section elementor-top-section elementor-element elementor-element-824205a elementor-section-content-middle elementor-section-boxed elementor-section-height-default elementor-section-height-default\" data-id=\"824205a\" data-element_type=\"section\" data-e-type=\"section\" data-settings=\"{&quot;background_background&quot;:&quot;classic&quot;}\">\n\t\t\t\t\t\t<div class=\"elementor-container elementor-column-gap-default\">\n\t\t\t\t\t<div class=\"elementor-column elementor-col-33 elementor-top-column elementor-element elementor-element-015695f\" data-id=\"015695f\" data-element_type=\"column\" data-e-type=\"column\">\n\t\t\t<div class=\"elementor-widget-wrap elementor-element-populated\">\n\t\t\t\t\t\t<div class=\"elementor-element elementor-element-988e743 dce_masking-none elementor-widget elementor-widget-image\" data-id=\"988e743\" data-element_type=\"widget\" data-e-type=\"widget\" data-widget_type=\"image.default\">\n\t\t\t\t<div class=\"elementor-widget-container\">\n\t\t\t\t\t\t\t\t\t\t\t\t\t\t\t<img loading=\"lazy\" decoding=\"async\" width=\"290\" height=\"350\" src=\"https:\/\/www.institutmacula.com\/wp-content\/uploads\/2023\/08\/David-Bellver.jpg\" class=\"attachment-large size-large wp-image-4546\" alt=\"David Bellver\" srcset=\"https:\/\/www.institutmacula.com\/wp-content\/uploads\/2023\/08\/David-Bellver.jpg 290w, https:\/\/www.institutmacula.com\/wp-content\/uploads\/2023\/08\/David-Bellver-249x300.jpg 249w\" sizes=\"(max-width: 290px) 100vw, 290px\" \/>\t\t\t\t\t\t\t\t\t\t\t\t\t\t\t<\/div>\n\t\t\t\t<\/div>\n\t\t\t\t\t<\/div>\n\t\t<\/div>\n\t\t\t\t<div class=\"elementor-column elementor-col-66 elementor-top-column elementor-element elementor-element-7976bfc\" data-id=\"7976bfc\" data-element_type=\"column\" data-e-type=\"column\">\n\t\t\t<div class=\"elementor-widget-wrap elementor-element-populated\">\n\t\t\t\t\t\t<div class=\"elementor-element elementor-element-8b3d5ed elementor-widget__width-auto elementor-widget elementor-widget-text-editor\" data-id=\"8b3d5ed\" data-element_type=\"widget\" data-e-type=\"widget\" data-widget_type=\"text-editor.default\">\n\t\t\t\t<div class=\"elementor-widget-container\">\n\t\t\t\t\t\t\t\t\t<p>David Bellver<\/p>\t\t\t\t\t\t\t\t<\/div>\n\t\t\t\t<\/div>\n\t\t\t\t<div class=\"elementor-element elementor-element-e94d003 elementor-shape-circle e-grid-align-right elementor-widget__width-auto elementor-grid-0 elementor-widget elementor-widget-social-icons\" data-id=\"e94d003\" data-element_type=\"widget\" data-e-type=\"widget\" data-widget_type=\"social-icons.default\">\n\t\t\t\t<div class=\"elementor-widget-container\">\n\t\t\t\t\t\t\t<div class=\"elementor-social-icons-wrapper elementor-grid\">\n\t\t\t\t\t\t\t<span class=\"elementor-grid-item\">\n\t\t\t\t\t<a class=\"elementor-icon elementor-social-icon elementor-social-icon-linkedin elementor-repeater-item-c0c686b\" href=\"https:\/\/www.linkedin.com\/in\/david-bellver-0b952724a\/\" target=\"_blank\">\n\t\t\t\t\t\t<span class=\"elementor-screen-only\">Linkedin<\/span>\n\t\t\t\t\t\t<i aria-hidden=\"true\" class=\"fab fa-linkedin\"><\/i>\t\t\t\t\t<\/a>\n\t\t\t\t<\/span>\n\t\t\t\t\t<\/div>\n\t\t\t\t\t\t<\/div>\n\t\t\t\t<\/div>\n\t\t\t\t<div class=\"elementor-element elementor-element-5fb54a7 elementor-widget elementor-widget-text-editor\" data-id=\"5fb54a7\" data-element_type=\"widget\" data-e-type=\"widget\" data-widget_type=\"text-editor.default\">\n\t\t\t\t<div class=\"elementor-widget-container\">\n\t\t\t\t\t\t\t\t\t<p>Gerente.<br \/>Licenciado en Ciencias Econ\u00f3micas por la UB.<br \/>Miembro de la Associaci\u00f3 de T\u00e8cnics Tributaris de Catalunya desde 2005.<br \/>Miembro del Consejo Asesor del Patronat de Turisme de Girona Costa Brava. Patr\u00f3n de la Fundaci\u00f3n Esport Solidari Internacional.<br \/>Representante de F.C.Barcelona en UEFA y FIFA (2010-2021). Miembro de la Junta Directiva del FCB, tesorero y miembro del comit\u00e9 de auditor\u00eda interna y compliance (2020-2021)<br \/>Tesorero de la Fundaci\u00f3n del FCB.<br \/>Desde 2001, presidente de la Agrupaci\u00f3n Deportiva Micfootball.<\/p>\t\t\t\t\t\t\t\t<\/div>\n\t\t\t\t<\/div>\n\t\t\t\t\t<\/div>\n\t\t<\/div>\n\t\t\t\t\t<\/div>\n\t\t<\/section>\n\t\t\t\t<section data-dce-background-color=\"#DDDEE2\" class=\"elementor-section elementor-top-section elementor-element elementor-element-00f9277 elementor-section-content-middle elementor-hidden-desktop elementor-hidden-tablet_extra elementor-hidden-tablet elementor-hidden-mobile elementor-section-boxed elementor-section-height-default elementor-section-height-default\" data-id=\"00f9277\" data-element_type=\"section\" data-e-type=\"section\" data-settings=\"{&quot;background_background&quot;:&quot;classic&quot;}\">\n\t\t\t\t\t\t<div class=\"elementor-container elementor-column-gap-default\">\n\t\t\t\t\t<div class=\"elementor-column elementor-col-33 elementor-top-column elementor-element elementor-element-f5e8dbd\" data-id=\"f5e8dbd\" data-element_type=\"column\" data-e-type=\"column\">\n\t\t\t<div class=\"elementor-widget-wrap elementor-element-populated\">\n\t\t\t\t\t\t<div class=\"elementor-element elementor-element-7d1d251 dce_masking-none elementor-widget elementor-widget-image\" data-id=\"7d1d251\" data-element_type=\"widget\" data-e-type=\"widget\" data-widget_type=\"image.default\">\n\t\t\t\t<div class=\"elementor-widget-container\">\n\t\t\t\t\t\t\t\t\t\t\t\t\t\t\t<img loading=\"lazy\" decoding=\"async\" width=\"290\" height=\"350\" src=\"https:\/\/www.institutmacula.com\/wp-content\/uploads\/2023\/07\/Noemi-Maroto.jpg\" class=\"attachment-large size-large wp-image-3816\" alt=\"\" srcset=\"https:\/\/www.institutmacula.com\/wp-content\/uploads\/2023\/07\/Noemi-Maroto.jpg 290w, https:\/\/www.institutmacula.com\/wp-content\/uploads\/2023\/07\/Noemi-Maroto-249x300.jpg 249w\" sizes=\"(max-width: 290px) 100vw, 290px\" \/>\t\t\t\t\t\t\t\t\t\t\t\t\t\t\t<\/div>\n\t\t\t\t<\/div>\n\t\t\t\t\t<\/div>\n\t\t<\/div>\n\t\t\t\t<div class=\"elementor-column elementor-col-66 elementor-top-column elementor-element elementor-element-14959f3\" data-id=\"14959f3\" data-element_type=\"column\" data-e-type=\"column\">\n\t\t\t<div class=\"elementor-widget-wrap elementor-element-populated\">\n\t\t\t\t\t\t<div class=\"elementor-element elementor-element-9422c1f elementor-widget__width-auto elementor-widget elementor-widget-text-editor\" data-id=\"9422c1f\" data-element_type=\"widget\" data-e-type=\"widget\" data-widget_type=\"text-editor.default\">\n\t\t\t\t<div class=\"elementor-widget-container\">\n\t\t\t\t\t\t\t\t\t<p>Noem\u00ed Maroto<\/p>\t\t\t\t\t\t\t\t<\/div>\n\t\t\t\t<\/div>\n\t\t\t\t<div class=\"elementor-element elementor-element-26a0834 elementor-shape-circle e-grid-align-right elementor-widget__width-auto elementor-grid-0 elementor-widget elementor-widget-social-icons\" data-id=\"26a0834\" data-element_type=\"widget\" data-e-type=\"widget\" data-widget_type=\"social-icons.default\">\n\t\t\t\t<div class=\"elementor-widget-container\">\n\t\t\t\t\t\t\t<div class=\"elementor-social-icons-wrapper elementor-grid\">\n\t\t\t\t\t\t\t<span class=\"elementor-grid-item\">\n\t\t\t\t\t<a class=\"elementor-icon elementor-social-icon elementor-social-icon-linkedin elementor-repeater-item-c0c686b\" href=\"https:\/\/www.linkedin.com\/in\/noemimaroto\/\" target=\"_blank\">\n\t\t\t\t\t\t<span class=\"elementor-screen-only\">Linkedin<\/span>\n\t\t\t\t\t\t<i aria-hidden=\"true\" class=\"fab fa-linkedin\"><\/i>\t\t\t\t\t<\/a>\n\t\t\t\t<\/span>\n\t\t\t\t\t<\/div>\n\t\t\t\t\t\t<\/div>\n\t\t\t\t<\/div>\n\t\t\t\t<div class=\"elementor-element elementor-element-f389668 elementor-widget elementor-widget-text-editor\" data-id=\"f389668\" data-element_type=\"widget\" data-e-type=\"widget\" data-widget_type=\"text-editor.default\">\n\t\t\t\t<div class=\"elementor-widget-container\">\n\t\t\t\t\t\t\t\t\t<p>Adjunta a Direcci\u00f3n. Responsable de Atenci\u00f3n al Paciente y Gesti\u00f3n de Personas.<br \/>Licenciada en Psicolog\u00eda (Universitat de Barcelona). M\u00e1ster en RR.HH. por EADA Business School y Postgrado en Gesti\u00f3n de RR.HH. por la Universitat Pompeu Fabra.<br \/>Tiene una amplia experiencia en el entorno de Consultor\u00eda Estrat\u00e9gica en RR.HH. y en empresas de diversos sectores como responsable de RR.HH. Ha gestionado equipos de distintas \u00e1reas y departamentos, con una clara vocaci\u00f3n por las personas y la atenci\u00f3n al paciente.<\/p>\t\t\t\t\t\t\t\t<\/div>\n\t\t\t\t<\/div>\n\t\t\t\t\t<\/div>\n\t\t<\/div>\n\t\t\t\t\t<\/div>\n\t\t<\/section>\n\t\t\t\t<section data-dce-background-color=\"#DDDEE2\" class=\"elementor-section elementor-top-section elementor-element elementor-element-2041e69 elementor-section-content-middle elementor-section-boxed elementor-section-height-default elementor-section-height-default\" data-id=\"2041e69\" data-element_type=\"section\" data-e-type=\"section\" data-settings=\"{&quot;background_background&quot;:&quot;classic&quot;}\">\n\t\t\t\t\t\t<div class=\"elementor-container elementor-column-gap-default\">\n\t\t\t\t\t<div class=\"elementor-column elementor-col-33 elementor-top-column elementor-element elementor-element-e63b1b6\" data-id=\"e63b1b6\" data-element_type=\"column\" data-e-type=\"column\">\n\t\t\t<div class=\"elementor-widget-wrap elementor-element-populated\">\n\t\t\t\t\t\t<div class=\"elementor-element elementor-element-627e8b4 dce_masking-none elementor-widget elementor-widget-image\" data-id=\"627e8b4\" data-element_type=\"widget\" data-e-type=\"widget\" data-widget_type=\"image.default\">\n\t\t\t\t<div class=\"elementor-widget-container\">\n\t\t\t\t\t\t\t\t\t\t\t\t\t\t\t<img loading=\"lazy\" decoding=\"async\" width=\"290\" height=\"350\" src=\"https:\/\/www.institutmacula.com\/wp-content\/uploads\/2023\/08\/Marc-Subirats.jpg\" class=\"attachment-large size-large wp-image-4548\" alt=\"Marc Subirats\" srcset=\"https:\/\/www.institutmacula.com\/wp-content\/uploads\/2023\/08\/Marc-Subirats.jpg 290w, https:\/\/www.institutmacula.com\/wp-content\/uploads\/2023\/08\/Marc-Subirats-249x300.jpg 249w\" sizes=\"(max-width: 290px) 100vw, 290px\" \/>\t\t\t\t\t\t\t\t\t\t\t\t\t\t\t<\/div>\n\t\t\t\t<\/div>\n\t\t\t\t\t<\/div>\n\t\t<\/div>\n\t\t\t\t<div class=\"elementor-column elementor-col-66 elementor-top-column elementor-element elementor-element-afca1a5\" data-id=\"afca1a5\" data-element_type=\"column\" data-e-type=\"column\">\n\t\t\t<div class=\"elementor-widget-wrap elementor-element-populated\">\n\t\t\t\t\t\t<div class=\"elementor-element elementor-element-b583d2f elementor-widget__width-auto elementor-widget elementor-widget-text-editor\" data-id=\"b583d2f\" data-element_type=\"widget\" data-e-type=\"widget\" data-widget_type=\"text-editor.default\">\n\t\t\t\t<div class=\"elementor-widget-container\">\n\t\t\t\t\t\t\t\t\t<p>Marc Subirats<\/p>\t\t\t\t\t\t\t\t<\/div>\n\t\t\t\t<\/div>\n\t\t\t\t<div class=\"elementor-element elementor-element-9273f91 elementor-shape-circle e-grid-align-right elementor-widget__width-auto elementor-grid-0 elementor-widget elementor-widget-social-icons\" data-id=\"9273f91\" data-element_type=\"widget\" data-e-type=\"widget\" data-widget_type=\"social-icons.default\">\n\t\t\t\t<div class=\"elementor-widget-container\">\n\t\t\t\t\t\t\t<div class=\"elementor-social-icons-wrapper elementor-grid\">\n\t\t\t\t\t\t\t<span class=\"elementor-grid-item\">\n\t\t\t\t\t<a class=\"elementor-icon elementor-social-icon elementor-social-icon-linkedin elementor-repeater-item-c0c686b\" href=\"https:\/\/www.linkedin.com\/in\/david-bellver-0b952724a\/\" target=\"_blank\">\n\t\t\t\t\t\t<span class=\"elementor-screen-only\">Linkedin<\/span>\n\t\t\t\t\t\t<i aria-hidden=\"true\" class=\"fab fa-linkedin\"><\/i>\t\t\t\t\t<\/a>\n\t\t\t\t<\/span>\n\t\t\t\t\t<\/div>\n\t\t\t\t\t\t<\/div>\n\t\t\t\t<\/div>\n\t\t\t\t<div class=\"elementor-element elementor-element-ebdbd19 elementor-widget elementor-widget-text-editor\" data-id=\"ebdbd19\" data-element_type=\"widget\" data-e-type=\"widget\" data-widget_type=\"text-editor.default\">\n\t\t\t\t<div class=\"elementor-widget-container\">\n\t\t\t\t\t\t\t\t\t<p>Administraci\u00f3n.<br \/>Diplomado en Ciencias Empresariales por la UB y Grado superior de gesti\u00f3n comercial y marketing en Escoles Pies de Sarri\u00e0.<br \/>Tiene amplia experiencia en el mundo empresarial en la rama de la gesti\u00f3n econ\u00f3mica y contable, tanto en el sector privado como p\u00fablico. Tambi\u00e9n ha coordinado la gesti\u00f3n econ\u00f3mica de estudios m\u00e9dicos. Gestiona grupos de trabajo para coordinar la parte m\u00e9dica y la parte econ\u00f3mica de distintos estudios y proyectos.<\/p>\t\t\t\t\t\t\t\t<\/div>\n\t\t\t\t<\/div>\n\t\t\t\t\t<\/div>\n\t\t<\/div>\n\t\t\t\t\t<\/div>\n\t\t<\/section>\n\t\t\t\t<section class=\"elementor-section elementor-top-section elementor-element elementor-element-1f09c08 elementor-section-boxed elementor-section-height-default elementor-section-height-default\" data-id=\"1f09c08\" data-element_type=\"section\" data-e-type=\"section\">\n\t\t\t\t\t\t<div class=\"elementor-container elementor-column-gap-default\">\n\t\t\t\t\t<div class=\"elementor-column elementor-col-100 elementor-top-column elementor-element elementor-element-c5062d8\" data-id=\"c5062d8\" data-element_type=\"column\" data-e-type=\"column\">\n\t\t\t<div class=\"elementor-widget-wrap elementor-element-populated\">\n\t\t\t\t\t\t<div class=\"elementor-element elementor-element-1fb1a86 elementor-widget elementor-widget-heading\" data-id=\"1fb1a86\" data-element_type=\"widget\" data-e-type=\"widget\" data-widget_type=\"heading.default\">\n\t\t\t\t<div class=\"elementor-widget-container\">\n\t\t\t\t\t<h2 class=\"elementor-heading-title elementor-size-default\">ATENCI\u00d3N AL PACIENTE<\/h2>\t\t\t\t<\/div>\n\t\t\t\t<\/div>\n\t\t\t\t<div data-dce-text-color=\"#3F3F3F\" class=\"elementor-element elementor-element-dfe0ac5 elementor-widget elementor-widget-text-editor\" data-id=\"dfe0ac5\" data-element_type=\"widget\" data-e-type=\"widget\" data-widget_type=\"text-editor.default\">\n\t\t\t\t<div class=\"elementor-widget-container\">\n\t\t\t\t\t\t\t\t\t<p>El equipo de atenci\u00f3n al paciente del Institut de la M\u00e0cula cuenta con la preparaci\u00f3n, la experiencia y la empat\u00eda para resolver las dudas relacionadas con las pruebas y tratamientos oftalmol\u00f3gicos que les pueden surgir a las personas que asistimos en nuestra cl\u00ednica. Pacientes y acompa\u00f1antes pueden contar siempre con ellas: la voz, la mirada y las manos que os recibir\u00e1n y acompa\u00f1ar\u00e1n con diligencia y delicadeza.<\/p>\t\t\t\t\t\t\t\t<\/div>\n\t\t\t\t<\/div>\n\t\t\t\t\t<\/div>\n\t\t<\/div>\n\t\t\t\t\t<\/div>\n\t\t<\/section>\n\t\t\t\t<section class=\"elementor-section elementor-top-section elementor-element elementor-element-67a655c elementor-section-content-middle elementor-section-boxed elementor-section-height-default elementor-section-height-default\" data-id=\"67a655c\" data-element_type=\"section\" data-e-type=\"section\">\n\t\t\t\t\t\t<div class=\"elementor-container elementor-column-gap-default\">\n\t\t\t\t\t<div class=\"elementor-column elementor-col-25 elementor-top-column elementor-element elementor-element-a6832cc\" data-id=\"a6832cc\" data-element_type=\"column\" data-e-type=\"column\">\n\t\t\t<div class=\"elementor-widget-wrap elementor-element-populated\">\n\t\t\t\t\t\t<div class=\"elementor-element elementor-element-5259632 dce_masking-none elementor-widget elementor-widget-image\" data-id=\"5259632\" data-element_type=\"widget\" data-e-type=\"widget\" data-widget_type=\"image.default\">\n\t\t\t\t<div class=\"elementor-widget-container\">\n\t\t\t\t\t\t\t\t\t\t\t\t\t\t\t<img loading=\"lazy\" decoding=\"async\" width=\"290\" height=\"350\" src=\"https:\/\/www.institutmacula.com\/wp-content\/uploads\/2023\/07\/Carla-Ferrer.jpg\" class=\"attachment-large size-large wp-image-3817\" alt=\"\" srcset=\"https:\/\/www.institutmacula.com\/wp-content\/uploads\/2023\/07\/Carla-Ferrer.jpg 290w, https:\/\/www.institutmacula.com\/wp-content\/uploads\/2023\/07\/Carla-Ferrer-249x300.jpg 249w\" sizes=\"(max-width: 290px) 100vw, 290px\" \/>\t\t\t\t\t\t\t\t\t\t\t\t\t\t\t<\/div>\n\t\t\t\t<\/div>\n\t\t\t\t<div class=\"elementor-element elementor-element-1cda1bd elementor-widget__width-inherit elementor-widget elementor-widget-text-editor\" data-id=\"1cda1bd\" data-element_type=\"widget\" data-e-type=\"widget\" data-widget_type=\"text-editor.default\">\n\t\t\t\t<div class=\"elementor-widget-container\">\n\t\t\t\t\t\t\t\t\t<p>Carla Ferrer<\/p>\t\t\t\t\t\t\t\t<\/div>\n\t\t\t\t<\/div>\n\t\t\t\t<div data-dce-text-color=\"#3F3F3F\" class=\"elementor-element elementor-element-d92b7ba elementor-widget elementor-widget-text-editor\" data-id=\"d92b7ba\" data-element_type=\"widget\" data-e-type=\"widget\" data-widget_type=\"text-editor.default\">\n\t\t\t\t<div class=\"elementor-widget-container\">\n\t\t\t\t\t\t\t\t\t<p>Responsable de atenci\u00f3n al paciente<\/p>\t\t\t\t\t\t\t\t<\/div>\n\t\t\t\t<\/div>\n\t\t\t\t\t<\/div>\n\t\t<\/div>\n\t\t\t\t<div class=\"elementor-column elementor-col-25 elementor-top-column elementor-element elementor-element-bf9449d\" data-id=\"bf9449d\" data-element_type=\"column\" data-e-type=\"column\">\n\t\t\t<div class=\"elementor-widget-wrap elementor-element-populated\">\n\t\t\t\t\t\t<div class=\"elementor-element elementor-element-aaa15b2 dce_masking-none elementor-widget elementor-widget-image\" data-id=\"aaa15b2\" data-element_type=\"widget\" data-e-type=\"widget\" data-widget_type=\"image.default\">\n\t\t\t\t<div class=\"elementor-widget-container\">\n\t\t\t\t\t\t\t\t\t\t\t\t\t\t\t<img loading=\"lazy\" decoding=\"async\" width=\"290\" height=\"350\" src=\"https:\/\/www.institutmacula.com\/wp-content\/uploads\/2023\/07\/Paula-Garcia.jpg\" class=\"attachment-large size-large wp-image-3818\" alt=\"\" srcset=\"https:\/\/www.institutmacula.com\/wp-content\/uploads\/2023\/07\/Paula-Garcia.jpg 290w, https:\/\/www.institutmacula.com\/wp-content\/uploads\/2023\/07\/Paula-Garcia-249x300.jpg 249w\" sizes=\"(max-width: 290px) 100vw, 290px\" \/>\t\t\t\t\t\t\t\t\t\t\t\t\t\t\t<\/div>\n\t\t\t\t<\/div>\n\t\t\t\t<div class=\"elementor-element elementor-element-c3de3ed elementor-widget__width-inherit elementor-widget elementor-widget-text-editor\" data-id=\"c3de3ed\" data-element_type=\"widget\" data-e-type=\"widget\" data-widget_type=\"text-editor.default\">\n\t\t\t\t<div class=\"elementor-widget-container\">\n\t\t\t\t\t\t\t\t\t<p>Paula Garcia<\/p>\t\t\t\t\t\t\t\t<\/div>\n\t\t\t\t<\/div>\n\t\t\t\t<div data-dce-text-color=\"#3F3F3F\" class=\"elementor-element elementor-element-236739f elementor-widget elementor-widget-text-editor\" data-id=\"236739f\" data-element_type=\"widget\" data-e-type=\"widget\" data-widget_type=\"text-editor.default\">\n\t\t\t\t<div class=\"elementor-widget-container\">\n\t\t\t\t\t\t\t\t\t<p>Responsable de Programaci\u00f3n de Quir\u00f3fano<\/p>\t\t\t\t\t\t\t\t<\/div>\n\t\t\t\t<\/div>\n\t\t\t\t\t<\/div>\n\t\t<\/div>\n\t\t\t\t<div class=\"elementor-column elementor-col-25 elementor-top-column elementor-element elementor-element-ac71069 elementor-hidden-mobile\" data-id=\"ac71069\" data-element_type=\"column\" data-e-type=\"column\">\n\t\t\t<div class=\"elementor-widget-wrap elementor-element-populated\">\n\t\t\t\t\t\t<div class=\"elementor-element elementor-element-12d5549 dce_masking-none elementor-widget elementor-widget-image\" data-id=\"12d5549\" data-element_type=\"widget\" data-e-type=\"widget\" data-widget_type=\"image.default\">\n\t\t\t\t<div class=\"elementor-widget-container\">\n\t\t\t\t\t\t\t\t\t\t\t\t\t\t\t<img loading=\"lazy\" decoding=\"async\" width=\"290\" height=\"350\" src=\"https:\/\/www.institutmacula.com\/wp-content\/uploads\/2025\/02\/Maria-Escamilla.jpg\" class=\"attachment-large size-large wp-image-7328\" alt=\"Maria Escamilla - Atenci\u00f3 al pacient\" srcset=\"https:\/\/www.institutmacula.com\/wp-content\/uploads\/2025\/02\/Maria-Escamilla.jpg 290w, https:\/\/www.institutmacula.com\/wp-content\/uploads\/2025\/02\/Maria-Escamilla-249x300.jpg 249w\" sizes=\"(max-width: 290px) 100vw, 290px\" \/>\t\t\t\t\t\t\t\t\t\t\t\t\t\t\t<\/div>\n\t\t\t\t<\/div>\n\t\t\t\t<div class=\"elementor-element elementor-element-4ed7e88 elementor-widget__width-inherit elementor-widget elementor-widget-text-editor\" data-id=\"4ed7e88\" data-element_type=\"widget\" data-e-type=\"widget\" data-widget_type=\"text-editor.default\">\n\t\t\t\t<div class=\"elementor-widget-container\">\n\t\t\t\t\t\t\t\t\t<p>Maria Escamilla<\/p>\t\t\t\t\t\t\t\t<\/div>\n\t\t\t\t<\/div>\n\t\t\t\t\t<\/div>\n\t\t<\/div>\n\t\t\t\t<div class=\"elementor-column elementor-col-25 elementor-top-column elementor-element elementor-element-abf1828 elementor-hidden-mobile\" data-id=\"abf1828\" data-element_type=\"column\" data-e-type=\"column\">\n\t\t\t<div class=\"elementor-widget-wrap elementor-element-populated\">\n\t\t\t\t\t\t<div class=\"elementor-element elementor-element-b799828 dce_masking-none elementor-widget elementor-widget-image\" data-id=\"b799828\" data-element_type=\"widget\" data-e-type=\"widget\" data-widget_type=\"image.default\">\n\t\t\t\t<div class=\"elementor-widget-container\">\n\t\t\t\t\t\t\t\t\t\t\t\t\t\t\t<img loading=\"lazy\" decoding=\"async\" width=\"290\" height=\"350\" src=\"https:\/\/www.institutmacula.com\/wp-content\/uploads\/2025\/02\/Isabel-Romero.jpg\" class=\"attachment-large size-large wp-image-7331\" alt=\"Isabel Romero - Atenci\u00f3 al pacient\" srcset=\"https:\/\/www.institutmacula.com\/wp-content\/uploads\/2025\/02\/Isabel-Romero.jpg 290w, https:\/\/www.institutmacula.com\/wp-content\/uploads\/2025\/02\/Isabel-Romero-249x300.jpg 249w\" sizes=\"(max-width: 290px) 100vw, 290px\" \/>\t\t\t\t\t\t\t\t\t\t\t\t\t\t\t<\/div>\n\t\t\t\t<\/div>\n\t\t\t\t<div class=\"elementor-element elementor-element-7a3cf23 elementor-widget__width-inherit elementor-widget elementor-widget-text-editor\" data-id=\"7a3cf23\" data-element_type=\"widget\" data-e-type=\"widget\" data-widget_type=\"text-editor.default\">\n\t\t\t\t<div class=\"elementor-widget-container\">\n\t\t\t\t\t\t\t\t\t<p>Isabel Romero<\/p>\t\t\t\t\t\t\t\t<\/div>\n\t\t\t\t<\/div>\n\t\t\t\t\t<\/div>\n\t\t<\/div>\n\t\t\t\t\t<\/div>\n\t\t<\/section>\n\t\t\t\t<section class=\"elementor-section elementor-top-section elementor-element elementor-element-729d276 elementor-section-full_width elementor-section-height-default elementor-section-height-default\" data-id=\"729d276\" data-element_type=\"section\" data-e-type=\"section\">\n\t\t\t\t\t\t<div class=\"elementor-container elementor-column-gap-default\">\n\t\t\t\t\t<div class=\"elementor-column elementor-col-100 elementor-top-column elementor-element elementor-element-267e815\" data-id=\"267e815\" data-element_type=\"column\" data-e-type=\"column\">\n\t\t\t<div class=\"elementor-widget-wrap elementor-element-populated\">\n\t\t\t\t\t\t<div class=\"elementor-element elementor-element-3b7dacd elementor-widget elementor-widget-template\" data-id=\"3b7dacd\" data-element_type=\"widget\" data-e-type=\"widget\" data-widget_type=\"template.default\">\n\t\t\t\t<div class=\"elementor-widget-container\">\n\t\t\t\t\t\t\t<div class=\"elementor-template\">\n\t\t\t\t\t<div data-elementor-type=\"section\" data-elementor-id=\"4031\" class=\"elementor elementor-4031 elementor-1553\" data-elementor-post-type=\"elementor_library\">\n\t\t\t\t\t<section data-dce-background-color=\"#DDDEE2\" data-dce-background-overlay-color=\"#003865\" class=\"elementor-section elementor-top-section elementor-element elementor-element-75658b2e elementor-section-boxed elementor-section-height-default elementor-section-height-default\" data-id=\"75658b2e\" data-element_type=\"section\" data-e-type=\"section\" data-settings=\"{&quot;background_background&quot;:&quot;classic&quot;}\">\n\t\t\t\t\t\t\t<div class=\"elementor-background-overlay\"><\/div>\n\t\t\t\t\t\t\t<div class=\"elementor-container elementor-column-gap-default\">\n\t\t\t\t\t<div class=\"elementor-column elementor-col-100 elementor-top-column elementor-element elementor-element-5088a84c\" data-id=\"5088a84c\" data-element_type=\"column\" data-e-type=\"column\">\n\t\t\t<div class=\"elementor-widget-wrap elementor-element-populated\">\n\t\t\t\t\t\t<div data-dce-title-color=\"#003865\" class=\"elementor-element elementor-element-30be361 elementor-widget elementor-widget-heading\" data-id=\"30be361\" data-element_type=\"widget\" data-e-type=\"widget\" data-widget_type=\"heading.default\">\n\t\t\t\t<div class=\"elementor-widget-container\">\n\t\t\t\t\t<h2 class=\"elementor-heading-title elementor-size-default\">SUSCR\u00cdBETE A NUESTRO NEWSLETTER<\/h2>\t\t\t\t<\/div>\n\t\t\t\t<\/div>\n\t\t\t\t<div class=\"elementor-element elementor-element-364c4dae elementor-widget elementor-widget-text-editor\" data-id=\"364c4dae\" data-element_type=\"widget\" data-e-type=\"widget\" data-widget_type=\"text-editor.default\">\n\t\t\t\t<div class=\"elementor-widget-container\">\n\t\t\t\t\t\t\t\t\t<p>Nos comprometemos a enviarte s\u00f3lo informaci\u00f3n relevante y no compartiremos tu contacto con nadie.<\/p>\t\t\t\t\t\t\t\t<\/div>\n\t\t\t\t<\/div>\n\t\t\t\t<section class=\"elementor-section elementor-inner-section elementor-element elementor-element-71eb74dc elementor-section-boxed elementor-section-height-default elementor-section-height-default\" data-id=\"71eb74dc\" data-element_type=\"section\" data-e-type=\"section\">\n\t\t\t\t\t\t<div class=\"elementor-container elementor-column-gap-default\">\n\t\t\t\t\t<div class=\"elementor-column elementor-col-25 elementor-inner-column elementor-element elementor-element-3a7cdf12\" data-id=\"3a7cdf12\" data-element_type=\"column\" data-e-type=\"column\">\n\t\t\t<div class=\"elementor-widget-wrap\">\n\t\t\t\t\t\t\t<\/div>\n\t\t<\/div>\n\t\t\t\t<div class=\"elementor-column elementor-col-50 elementor-inner-column elementor-element elementor-element-54b6b513\" data-id=\"54b6b513\" data-element_type=\"column\" data-e-type=\"column\">\n\t\t\t<div class=\"elementor-widget-wrap elementor-element-populated\">\n\t\t\t\t\t\t<div class=\"elementor-element elementor-element-33987e44 elementor-button-align-start elementor-widget elementor-widget-form\" data-id=\"33987e44\" data-element_type=\"widget\" data-e-type=\"widget\" data-settings=\"{&quot;button_width&quot;:&quot;20&quot;,&quot;step_next_label&quot;:&quot;Siguiente&quot;,&quot;step_previous_label&quot;:&quot;Anterior&quot;,&quot;dce_confirm_dialog_enabled&quot;:&quot;no&quot;,&quot;step_type&quot;:&quot;number_text&quot;,&quot;step_icon_shape&quot;:&quot;circle&quot;,&quot;label_icon_size&quot;:{&quot;unit&quot;:&quot;px&quot;,&quot;size&quot;:&quot;&quot;,&quot;sizes&quot;:[]},&quot;field_icon_size&quot;:{&quot;unit&quot;:&quot;px&quot;,&quot;size&quot;:&quot;&quot;,&quot;sizes&quot;:[]}}\" data-widget_type=\"form.default\">\n\t\t\t\t<div class=\"elementor-widget-container\">\n\t\t\t\t\t\t\t<form class=\"elementor-form\" method=\"post\" name=\"Formulario Newsletter\" aria-label=\"Formulario Newsletter\">\n\t\t\t<input type=\"hidden\" name=\"post_id\" value=\"4031\"\/>\n\t\t\t<input type=\"hidden\" name=\"form_id\" value=\"33987e44\"\/>\n\t\t\t<input type=\"hidden\" name=\"referer_title\" value=\"Institut de la M\u00e0cula\" \/>\n\n\t\t\t\n\t\t\t<div class=\"elementor-form-fields-wrapper elementor-labels-\">\n\t\t\t\t\t\t\t\t<div class=\"elementor-field-type-email elementor-field-group elementor-column elementor-field-group-email elementor-col-80 elementor-field-required\">\n\t\t\t\t\t\t\t\t\t\t\t\t<label for=\"form-field-email\" class=\"elementor-field-label elementor-screen-only\">\n\t\t\t\t\t\t\t\tCorreu electr\u00f3nic\t\t\t\t\t\t\t<\/label>\n\t\t\t\t\t\t\t\t\t\t\t\t\t\t<input size=\"1\" type=\"email\" name=\"form_fields[email]\" id=\"form-field-email\" class=\"elementor-field elementor-size-xs  elementor-field-textual\" placeholder=\"Correo electr\u00f3nico\" required=\"required\">\n\t\t\t\t\t\t\t\t\t\t\t<\/div>\n\t\t\t\t\t\t\t\t<div class=\"elementor-field-group elementor-column elementor-field-type-submit elementor-col-20 e-form__buttons\">\n\t\t\t\t\t<button class=\"elementor-button elementor-size-sm\" type=\"submit\">\n\t\t\t\t\t\t<span class=\"elementor-button-content-wrapper\">\n\t\t\t\t\t\t\t\t\t\t\t\t\t\t\t<span class=\"elementor-button-icon\">\n\t\t\t\t\t\t\t\t\t<i aria-hidden=\"true\" class=\"fas fa-envelope\"><\/i>\t\t\t\t\t\t\t\t\t\t\t\t\t\t\t\t\t\t\t<span class=\"elementor-screen-only\">Enviar<\/span>\n\t\t\t\t\t\t\t\t\t\t\t\t\t\t\t\t\t<\/span>\n\t\t\t\t\t\t\t\t\t\t\t\t\t\t\t\t\t\t\t\t<\/span>\n\t\t\t\t\t<\/button>\n\t\t\t\t<\/div>\n\t\t\t<\/div>\n\t\t<\/form>\n\t\t\t\t\t\t<\/div>\n\t\t\t\t<\/div>\n\t\t\t\t\t<\/div>\n\t\t<\/div>\n\t\t\t\t<div class=\"elementor-column elementor-col-25 elementor-inner-column elementor-element elementor-element-573ec7fb\" data-id=\"573ec7fb\" data-element_type=\"column\" data-e-type=\"column\">\n\t\t\t<div class=\"elementor-widget-wrap\">\n\t\t\t\t\t\t\t<\/div>\n\t\t<\/div>\n\t\t\t\t\t<\/div>\n\t\t<\/section>\n\t\t\t\t\t<\/div>\n\t\t<\/div>\n\t\t\t\t\t<\/div>\n\t\t<\/section>\n\t\t\t\t<\/div>\n\t\t\t\t<\/div>\n\t\t\t\t\t\t<\/div>\n\t\t\t\t<\/div>\n\t\t\t\t\t<\/div>\n\t\t<\/div>\n\t\t\t\t\t<\/div>\n\t\t<\/section>\n\t\t\t\t<\/div>\n\t\t","protected":false},"excerpt":{"rendered":"<p>NUESTRO EQUIPO OFTALM\u00d3LOGOS ESPECIALISTAS M\u00c1CULA, RETINA Y V\u00cdTREO Prof. Jordi Mon\u00e9s MD, PhD Linkedin N\u00fam colegiado (COMB): 22.838 Oftalm\u00f3logo especialista en enfermedades de la m\u00e1cula, la retina y el v\u00edtreo.El Dr. Jordi Mon\u00e9s, fundador del Institut de la M\u00e0cula, es una de las referencias europeas en la investigaci\u00f3n y tratamiento de la DMAE atr\u00f3fica y [&hellip;]<\/p>\n","protected":false},"author":1,"featured_media":0,"parent":3989,"menu_order":0,"comment_status":"closed","ping_status":"closed","template":"","meta":{"_acf_changed":false,"site-sidebar-layout":"no-sidebar","site-content-layout":"page-builder","ast-site-content-layout":"default","site-content-style":"default","site-sidebar-style":"default","ast-global-header-display":"","ast-banner-title-visibility":"","ast-main-header-display":"","ast-hfb-above-header-display":"","ast-hfb-below-header-display":"","ast-hfb-mobile-header-display":"","site-post-title":"disabled","ast-breadcrumbs-content":"","ast-featured-img":"disabled","footer-sml-layout":"","ast-disable-related-posts":"","theme-transparent-header-meta":"","adv-header-id-meta":"","stick-header-meta":"","header-above-stick-meta":"","header-main-stick-meta":"","header-below-stick-meta":"","astra-migrate-meta-layouts":"default","ast-page-background-enabled":"default","ast-page-background-meta":{"desktop":{"background-color":"var(--ast-global-color-4)","background-image":"","background-repeat":"repeat","background-position":"center center","background-size":"auto","background-attachment":"scroll","background-type":"","background-media":"","overlay-type":"","overlay-color":"","overlay-opacity":"","overlay-gradient":""},"tablet":{"background-color":"","background-image":"","background-repeat":"repeat","background-position":"center center","background-size":"auto","background-attachment":"scroll","background-type":"","background-media":"","overlay-type":"","overlay-color":"","overlay-opacity":"","overlay-gradient":""},"mobile":{"background-color":"","background-image":"","background-repeat":"repeat","background-position":"center center","background-size":"auto","background-attachment":"scroll","background-type":"","background-media":"","overlay-type":"","overlay-color":"","overlay-opacity":"","overlay-gradient":""}},"ast-content-background-meta":{"desktop":{"background-color":"var(--ast-global-color-5)","background-image":"","background-repeat":"repeat","background-position":"center center","background-size":"auto","background-attachment":"scroll","background-type":"","background-media":"","overlay-type":"","overlay-color":"","overlay-opacity":"","overlay-gradient":""},"tablet":{"background-color":"var(--ast-global-color-5)","background-image":"","background-repeat":"repeat","background-position":"center center","background-size":"auto","background-attachment":"scroll","background-type":"","background-media":"","overlay-type":"","overlay-color":"","overlay-opacity":"","overlay-gradient":""},"mobile":{"background-color":"var(--ast-global-color-5)","background-image":"","background-repeat":"repeat","background-position":"center center","background-size":"auto","background-attachment":"scroll","background-type":"","background-media":"","overlay-type":"","overlay-color":"","overlay-opacity":"","overlay-gradient":""}},"footnotes":""},"class_list":["post-4118","page","type-page","status-publish","hentry"],"acf":[],"yoast_head":"<!-- This site is optimized with the Yoast SEO plugin v26.9 - https:\/\/yoast.com\/product\/yoast-seo-wordpress\/ -->\n<title>Equip - Institut de la M\u00e0cula<\/title>\n<meta name=\"robots\" content=\"index, follow, max-snippet:-1, max-image-preview:large, max-video-preview:-1\" \/>\n<link rel=\"canonical\" href=\"https:\/\/www.institutmacula.com\/es\/sobre-el-institut\/equipo\/\" \/>\n<meta property=\"og:locale\" content=\"es_ES\" \/>\n<meta property=\"og:type\" content=\"article\" \/>\n<meta property=\"og:title\" content=\"Equip - Institut de la M\u00e0cula\" \/>\n<meta property=\"og:description\" content=\"NUESTRO EQUIPO OFTALM\u00d3LOGOS ESPECIALISTAS M\u00c1CULA, RETINA Y V\u00cdTREO Prof. Jordi Mon\u00e9s MD, PhD Linkedin N\u00fam colegiado (COMB): 22.838 Oftalm\u00f3logo especialista en enfermedades de la m\u00e1cula, la retina y el v\u00edtreo.El Dr. Jordi Mon\u00e9s, fundador del Institut de la M\u00e0cula, es una de las referencias europeas en la investigaci\u00f3n y tratamiento de la DMAE atr\u00f3fica y [&hellip;]\" \/>\n<meta property=\"og:url\" content=\"https:\/\/www.institutmacula.com\/es\/sobre-el-institut\/equipo\/\" \/>\n<meta property=\"og:site_name\" content=\"Institut de la M\u00e0cula\" \/>\n<meta property=\"article:modified_time\" content=\"2026-04-01T14:02:33+00:00\" \/>\n<meta property=\"og:image\" content=\"https:\/\/www.institutmacula.com\/wp-content\/uploads\/2023\/07\/Dr-Jordi-Mones.jpg\" \/>\n\t<meta property=\"og:image:width\" content=\"290\" \/>\n\t<meta property=\"og:image:height\" content=\"350\" \/>\n\t<meta property=\"og:image:type\" content=\"image\/jpeg\" \/>\n<meta name=\"twitter:card\" content=\"summary_large_image\" \/>\n<meta name=\"twitter:label1\" content=\"Tiempo de lectura\" \/>\n\t<meta name=\"twitter:data1\" content=\"11 minutos\" \/>\n<script type=\"application\/ld+json\" class=\"yoast-schema-graph\">{\"@context\":\"https:\/\/schema.org\",\"@graph\":[{\"@type\":\"WebPage\",\"@id\":\"https:\/\/www.institutmacula.com\/es\/sobre-el-institut\/equipo\/\",\"url\":\"https:\/\/www.institutmacula.com\/es\/sobre-el-institut\/equipo\/\",\"name\":\"Equip - Institut de la M\u00e0cula\",\"isPartOf\":{\"@id\":\"https:\/\/www.institutmacula.com\/es\/#website\"},\"primaryImageOfPage\":{\"@id\":\"https:\/\/www.institutmacula.com\/es\/sobre-el-institut\/equipo\/#primaryimage\"},\"image\":{\"@id\":\"https:\/\/www.institutmacula.com\/es\/sobre-el-institut\/equipo\/#primaryimage\"},\"thumbnailUrl\":\"https:\/\/www.institutmacula.com\/wp-content\/uploads\/2023\/07\/Dr-Jordi-Mones.jpg\",\"datePublished\":\"2023-06-15T15:42:23+00:00\",\"dateModified\":\"2026-04-01T14:02:33+00:00\",\"breadcrumb\":{\"@id\":\"https:\/\/www.institutmacula.com\/es\/sobre-el-institut\/equipo\/#breadcrumb\"},\"inLanguage\":\"es\",\"potentialAction\":[{\"@type\":\"ReadAction\",\"target\":[\"https:\/\/www.institutmacula.com\/es\/sobre-el-institut\/equipo\/\"]}]},{\"@type\":\"ImageObject\",\"inLanguage\":\"es\",\"@id\":\"https:\/\/www.institutmacula.com\/es\/sobre-el-institut\/equipo\/#primaryimage\",\"url\":\"https:\/\/www.institutmacula.com\/wp-content\/uploads\/2023\/07\/Dr-Jordi-Mones.jpg\",\"contentUrl\":\"https:\/\/www.institutmacula.com\/wp-content\/uploads\/2023\/07\/Dr-Jordi-Mones.jpg\"},{\"@type\":\"BreadcrumbList\",\"@id\":\"https:\/\/www.institutmacula.com\/es\/sobre-el-institut\/equipo\/#breadcrumb\",\"itemListElement\":[{\"@type\":\"ListItem\",\"position\":1,\"name\":\"Inici\",\"item\":\"https:\/\/www.institutmacula.com\/es\/\"},{\"@type\":\"ListItem\",\"position\":2,\"name\":\"Sobre El Institut\",\"item\":\"https:\/\/www.institutmacula.com\/en\/about-the-institute\/\"},{\"@type\":\"ListItem\",\"position\":3,\"name\":\"Equip\"}]},{\"@type\":\"WebSite\",\"@id\":\"https:\/\/www.institutmacula.com\/es\/#website\",\"url\":\"https:\/\/www.institutmacula.com\/es\/\",\"name\":\"Institut de la M\u00e0cula\",\"description\":\"Innovating Eye Care\",\"publisher\":{\"@id\":\"https:\/\/www.institutmacula.com\/es\/#organization\"},\"potentialAction\":[{\"@type\":\"SearchAction\",\"target\":{\"@type\":\"EntryPoint\",\"urlTemplate\":\"https:\/\/www.institutmacula.com\/es\/?s={search_term_string}\"},\"query-input\":{\"@type\":\"PropertyValueSpecification\",\"valueRequired\":true,\"valueName\":\"search_term_string\"}}],\"inLanguage\":\"es\"},{\"@type\":\"Organization\",\"@id\":\"https:\/\/www.institutmacula.com\/es\/#organization\",\"name\":\"Institut de la M\u00e0cula\",\"url\":\"https:\/\/www.institutmacula.com\/es\/\",\"logo\":{\"@type\":\"ImageObject\",\"inLanguage\":\"es\",\"@id\":\"https:\/\/www.institutmacula.com\/es\/#\/schema\/logo\/image\/\",\"url\":\"https:\/\/www.institutmacula.com\/wp-content\/uploads\/2024\/02\/logo-Institut-de-la-Macula-24.png\",\"contentUrl\":\"https:\/\/www.institutmacula.com\/wp-content\/uploads\/2024\/02\/logo-Institut-de-la-Macula-24.png\",\"width\":300,\"height\":120,\"caption\":\"Institut de la M\u00e0cula\"},\"image\":{\"@id\":\"https:\/\/www.institutmacula.com\/es\/#\/schema\/logo\/image\/\"}}]}<\/script>\n<!-- \/ Yoast SEO plugin. -->","yoast_head_json":{"title":"Equip - Institut de la M\u00e0cula","robots":{"index":"index","follow":"follow","max-snippet":"max-snippet:-1","max-image-preview":"max-image-preview:large","max-video-preview":"max-video-preview:-1"},"canonical":"https:\/\/www.institutmacula.com\/es\/sobre-el-institut\/equipo\/","og_locale":"es_ES","og_type":"article","og_title":"Equip - Institut de la M\u00e0cula","og_description":"NUESTRO EQUIPO OFTALM\u00d3LOGOS ESPECIALISTAS M\u00c1CULA, RETINA Y V\u00cdTREO Prof. Jordi Mon\u00e9s MD, PhD Linkedin N\u00fam colegiado (COMB): 22.838 Oftalm\u00f3logo especialista en enfermedades de la m\u00e1cula, la retina y el v\u00edtreo.El Dr. Jordi Mon\u00e9s, fundador del Institut de la M\u00e0cula, es una de las referencias europeas en la investigaci\u00f3n y tratamiento de la DMAE atr\u00f3fica y [&hellip;]","og_url":"https:\/\/www.institutmacula.com\/es\/sobre-el-institut\/equipo\/","og_site_name":"Institut de la M\u00e0cula","article_modified_time":"2026-04-01T14:02:33+00:00","og_image":[{"width":290,"height":350,"url":"https:\/\/www.institutmacula.com\/wp-content\/uploads\/2023\/07\/Dr-Jordi-Mones.jpg","type":"image\/jpeg"}],"twitter_card":"summary_large_image","twitter_misc":{"Tiempo de lectura":"11 minutos"},"schema":{"@context":"https:\/\/schema.org","@graph":[{"@type":"WebPage","@id":"https:\/\/www.institutmacula.com\/es\/sobre-el-institut\/equipo\/","url":"https:\/\/www.institutmacula.com\/es\/sobre-el-institut\/equipo\/","name":"Equip - Institut de la M\u00e0cula","isPartOf":{"@id":"https:\/\/www.institutmacula.com\/es\/#website"},"primaryImageOfPage":{"@id":"https:\/\/www.institutmacula.com\/es\/sobre-el-institut\/equipo\/#primaryimage"},"image":{"@id":"https:\/\/www.institutmacula.com\/es\/sobre-el-institut\/equipo\/#primaryimage"},"thumbnailUrl":"https:\/\/www.institutmacula.com\/wp-content\/uploads\/2023\/07\/Dr-Jordi-Mones.jpg","datePublished":"2023-06-15T15:42:23+00:00","dateModified":"2026-04-01T14:02:33+00:00","breadcrumb":{"@id":"https:\/\/www.institutmacula.com\/es\/sobre-el-institut\/equipo\/#breadcrumb"},"inLanguage":"es","potentialAction":[{"@type":"ReadAction","target":["https:\/\/www.institutmacula.com\/es\/sobre-el-institut\/equipo\/"]}]},{"@type":"ImageObject","inLanguage":"es","@id":"https:\/\/www.institutmacula.com\/es\/sobre-el-institut\/equipo\/#primaryimage","url":"https:\/\/www.institutmacula.com\/wp-content\/uploads\/2023\/07\/Dr-Jordi-Mones.jpg","contentUrl":"https:\/\/www.institutmacula.com\/wp-content\/uploads\/2023\/07\/Dr-Jordi-Mones.jpg"},{"@type":"BreadcrumbList","@id":"https:\/\/www.institutmacula.com\/es\/sobre-el-institut\/equipo\/#breadcrumb","itemListElement":[{"@type":"ListItem","position":1,"name":"Inici","item":"https:\/\/www.institutmacula.com\/es\/"},{"@type":"ListItem","position":2,"name":"Sobre El Institut","item":"https:\/\/www.institutmacula.com\/en\/about-the-institute\/"},{"@type":"ListItem","position":3,"name":"Equip"}]},{"@type":"WebSite","@id":"https:\/\/www.institutmacula.com\/es\/#website","url":"https:\/\/www.institutmacula.com\/es\/","name":"Institut de la M\u00e0cula","description":"Innovating Eye Care","publisher":{"@id":"https:\/\/www.institutmacula.com\/es\/#organization"},"potentialAction":[{"@type":"SearchAction","target":{"@type":"EntryPoint","urlTemplate":"https:\/\/www.institutmacula.com\/es\/?s={search_term_string}"},"query-input":{"@type":"PropertyValueSpecification","valueRequired":true,"valueName":"search_term_string"}}],"inLanguage":"es"},{"@type":"Organization","@id":"https:\/\/www.institutmacula.com\/es\/#organization","name":"Institut de la M\u00e0cula","url":"https:\/\/www.institutmacula.com\/es\/","logo":{"@type":"ImageObject","inLanguage":"es","@id":"https:\/\/www.institutmacula.com\/es\/#\/schema\/logo\/image\/","url":"https:\/\/www.institutmacula.com\/wp-content\/uploads\/2024\/02\/logo-Institut-de-la-Macula-24.png","contentUrl":"https:\/\/www.institutmacula.com\/wp-content\/uploads\/2024\/02\/logo-Institut-de-la-Macula-24.png","width":300,"height":120,"caption":"Institut de la M\u00e0cula"},"image":{"@id":"https:\/\/www.institutmacula.com\/es\/#\/schema\/logo\/image\/"}}]}},"_links":{"self":[{"href":"https:\/\/www.institutmacula.com\/es\/wp-json\/wp\/v2\/pages\/4118","targetHints":{"allow":["GET"]}}],"collection":[{"href":"https:\/\/www.institutmacula.com\/es\/wp-json\/wp\/v2\/pages"}],"about":[{"href":"https:\/\/www.institutmacula.com\/es\/wp-json\/wp\/v2\/types\/page"}],"author":[{"embeddable":true,"href":"https:\/\/www.institutmacula.com\/es\/wp-json\/wp\/v2\/users\/1"}],"replies":[{"embeddable":true,"href":"https:\/\/www.institutmacula.com\/es\/wp-json\/wp\/v2\/comments?post=4118"}],"version-history":[{"count":64,"href":"https:\/\/www.institutmacula.com\/es\/wp-json\/wp\/v2\/pages\/4118\/revisions"}],"predecessor-version":[{"id":8381,"href":"https:\/\/www.institutmacula.com\/es\/wp-json\/wp\/v2\/pages\/4118\/revisions\/8381"}],"up":[{"embeddable":true,"href":"https:\/\/www.institutmacula.com\/es\/wp-json\/wp\/v2\/pages\/3989"}],"wp:attachment":[{"href":"https:\/\/www.institutmacula.com\/es\/wp-json\/wp\/v2\/media?parent=4118"}],"curies":[{"name":"wp","href":"https:\/\/api.w.org\/{rel}","templated":true}]}}