{"id":4434,"date":"2023-05-03T10:39:58","date_gmt":"2023-05-03T08:39:58","guid":{"rendered":"https:\/\/www.institutmacula.com\/patologia\/malaltia-dstargardt\/"},"modified":"2025-02-05T16:28:29","modified_gmt":"2025-02-05T15:28:29","slug":"enfermedad-de-stargardt","status":"publish","type":"patologia","link":"https:\/\/www.institutmacula.com\/es\/patologia\/enfermedad-de-stargardt\/","title":{"rendered":"Enfermedad de Stargardt"},"content":{"rendered":"\n<p>La <strong>enfermedad de Stargardt <\/strong>es una degeneraci\u00f3n precoz de la retina de causa gen\u00e9tica. La m\u00e1cula, responsable de la visi\u00f3n central (la que usamos para leer, ver televisi\u00f3n o reconocer caras), queda afectada primariamente por esta enfermedad.<\/p>\n\n\n\n<p>Es la variante m\u00e1s com\u00fan de degeneraci\u00f3n macular juvenil heredada, con una prevalencia estimada de entre 1 por 8.000 y 1 por 10.000. Normalmente, se diagnostica en personas menores de veinte a\u00f1os. Sin embargo la p\u00e9rdida de visi\u00f3n puede que no sea patente hasta la tercera o la cuarta d\u00e9cada de vida.<\/p>\n\n\n\n<p>Aproximadamente, el 90% de los casos se transmiten de forma autos\u00f3mica recesiva. Esto significa que, para que una persona tenga esta enfermedad, ambos progenitores deben tener el gen afectado. En este caso, la posibilidad de tener un hijo afectado es del 25%. Al ser un gen recesivo, puede que no haya historia familiar de la enfermedad de Stargardt. Podemos decir que los padres son portadores del gen pero no manifiestan la enfermedad.<\/p>\n","protected":false},"featured_media":0,"parent":0,"menu_order":0,"template":"","meta":{"_acf_changed":false,"site-sidebar-layout":"default","site-content-layout":"","ast-site-content-layout":"default","site-content-style":"default","site-sidebar-style":"default","ast-global-header-display":"","ast-banner-title-visibility":"","ast-main-header-display":"","ast-hfb-above-header-display":"","ast-hfb-below-header-display":"","ast-hfb-mobile-header-display":"","site-post-title":"","ast-breadcrumbs-content":"","ast-featured-img":"","footer-sml-layout":"","ast-disable-related-posts":"","theme-transparent-header-meta":"","adv-header-id-meta":"","stick-header-meta":"","header-above-stick-meta":"","header-main-stick-meta":"","header-below-stick-meta":"","astra-migrate-meta-layouts":"set","ast-page-background-enabled":"default","ast-page-background-meta":{"desktop":{"background-color":"var(--ast-global-color-4)","background-image":"","background-repeat":"repeat","background-position":"center center","background-size":"auto","background-attachment":"scroll","background-type":"","background-media":"","overlay-type":"","overlay-color":"","overlay-opacity":"","overlay-gradient":""},"tablet":{"background-color":"","background-image":"","background-repeat":"repeat","background-position":"center center","background-size":"auto","background-attachment":"scroll","background-type":"","background-media":"","overlay-type":"","overlay-color":"","overlay-opacity":"","overlay-gradient":""},"mobile":{"background-color":"","background-image":"","background-repeat":"repeat","background-position":"center center","background-size":"auto","background-attachment":"scroll","background-type":"","background-media":"","overlay-type":"","overlay-color":"","overlay-opacity":"","overlay-gradient":""}},"ast-content-background-meta":{"desktop":{"background-color":"var(--ast-global-color-5)","background-image":"","background-repeat":"repeat","background-position":"center center","background-size":"auto","background-attachment":"scroll","background-type":"","background-media":"","overlay-type":"","overlay-color":"","overlay-opacity":"","overlay-gradient":""},"tablet":{"background-color":"var(--ast-global-color-5)","background-image":"","background-repeat":"repeat","background-position":"center center","background-size":"auto","background-attachment":"scroll","background-type":"","background-media":"","overlay-type":"","overlay-color":"","overlay-opacity":"","overlay-gradient":""},"mobile":{"background-color":"var(--ast-global-color-5)","background-image":"","background-repeat":"repeat","background-position":"center center","background-size":"auto","background-attachment":"scroll","background-type":"","background-media":"","overlay-type":"","overlay-color":"","overlay-opacity":"","overlay-gradient":""}}},"categoria":[11],"class_list":["post-4434","patologia","type-patologia","status-publish","hentry","categoria-retina"],"acf":[],"yoast_head":"<!-- This site is optimized with the Yoast SEO plugin v26.9 - https:\/\/yoast.com\/product\/yoast-seo-wordpress\/ -->\n<title>Enfermedad de Stargardt - Institut de la M\u00e0cula<\/title>\n<meta name=\"description\" content=\"Conoce qu\u00e9 es la enfermedad de Stargardt, sus causas, s\u00edntomas, tratamientos, riesgos y c\u00f3mo afecta la visi\u00f3n.\" \/>\n<meta name=\"robots\" content=\"index, follow, max-snippet:-1, max-image-preview:large, max-video-preview:-1\" \/>\n<link rel=\"canonical\" href=\"https:\/\/www.institutmacula.com\/es\/patologia\/enfermedad-de-stargardt\/\" \/>\n<meta property=\"og:locale\" content=\"es_ES\" \/>\n<meta property=\"og:type\" content=\"article\" \/>\n<meta property=\"og:title\" content=\"Enfermedad de Stargardt - Institut de la M\u00e0cula\" \/>\n<meta property=\"og:description\" content=\"Conoce qu\u00e9 es la enfermedad de Stargardt, sus causas, s\u00edntomas, tratamientos, riesgos y c\u00f3mo afecta la visi\u00f3n.\" \/>\n<meta property=\"og:url\" content=\"https:\/\/www.institutmacula.com\/es\/patologia\/enfermedad-de-stargardt\/\" \/>\n<meta property=\"og:site_name\" content=\"Institut de la M\u00e0cula\" \/>\n<meta property=\"article:modified_time\" content=\"2025-02-05T15:28:29+00:00\" \/>\n<meta name=\"twitter:card\" content=\"summary_large_image\" \/>\n<meta name=\"twitter:label1\" content=\"Tiempo de lectura\" \/>\n\t<meta name=\"twitter:data1\" content=\"1 minuto\" \/>\n<script type=\"application\/ld+json\" class=\"yoast-schema-graph\">{\"@context\":\"https:\/\/schema.org\",\"@graph\":[{\"@type\":\"WebPage\",\"@id\":\"https:\/\/www.institutmacula.com\/es\/patologia\/enfermedad-de-stargardt\/\",\"url\":\"https:\/\/www.institutmacula.com\/es\/patologia\/enfermedad-de-stargardt\/\",\"name\":\"Enfermedad de Stargardt - Institut de la M\u00e0cula\",\"isPartOf\":{\"@id\":\"https:\/\/www.institutmacula.com\/es\/#website\"},\"datePublished\":\"2023-05-03T08:39:58+00:00\",\"dateModified\":\"2025-02-05T15:28:29+00:00\",\"description\":\"Conoce qu\u00e9 es la enfermedad de Stargardt, sus causas, s\u00edntomas, tratamientos, riesgos y c\u00f3mo afecta la visi\u00f3n.\",\"breadcrumb\":{\"@id\":\"https:\/\/www.institutmacula.com\/es\/patologia\/enfermedad-de-stargardt\/#breadcrumb\"},\"inLanguage\":\"es\",\"potentialAction\":[{\"@type\":\"ReadAction\",\"target\":[\"https:\/\/www.institutmacula.com\/es\/patologia\/enfermedad-de-stargardt\/\"]}]},{\"@type\":\"BreadcrumbList\",\"@id\":\"https:\/\/www.institutmacula.com\/es\/patologia\/enfermedad-de-stargardt\/#breadcrumb\",\"itemListElement\":[{\"@type\":\"ListItem\",\"position\":1,\"name\":\"Inici\",\"item\":\"https:\/\/www.institutmacula.com\/es\/\"},{\"@type\":\"ListItem\",\"position\":2,\"name\":\"Patologies\",\"item\":\"https:\/\/www.institutmacula.com\/patologia\/\"},{\"@type\":\"ListItem\",\"position\":3,\"name\":\"Enfermedad de Stargardt\"}]},{\"@type\":\"WebSite\",\"@id\":\"https:\/\/www.institutmacula.com\/es\/#website\",\"url\":\"https:\/\/www.institutmacula.com\/es\/\",\"name\":\"Institut de la M\u00e0cula\",\"description\":\"Innovating Eye Care\",\"publisher\":{\"@id\":\"https:\/\/www.institutmacula.com\/es\/#organization\"},\"potentialAction\":[{\"@type\":\"SearchAction\",\"target\":{\"@type\":\"EntryPoint\",\"urlTemplate\":\"https:\/\/www.institutmacula.com\/es\/?s={search_term_string}\"},\"query-input\":{\"@type\":\"PropertyValueSpecification\",\"valueRequired\":true,\"valueName\":\"search_term_string\"}}],\"inLanguage\":\"es\"},{\"@type\":\"Organization\",\"@id\":\"https:\/\/www.institutmacula.com\/es\/#organization\",\"name\":\"Institut de la M\u00e0cula\",\"url\":\"https:\/\/www.institutmacula.com\/es\/\",\"logo\":{\"@type\":\"ImageObject\",\"inLanguage\":\"es\",\"@id\":\"https:\/\/www.institutmacula.com\/es\/#\/schema\/logo\/image\/\",\"url\":\"https:\/\/www.institutmacula.com\/wp-content\/uploads\/2024\/02\/logo-Institut-de-la-Macula-24.png\",\"contentUrl\":\"https:\/\/www.institutmacula.com\/wp-content\/uploads\/2024\/02\/logo-Institut-de-la-Macula-24.png\",\"width\":300,\"height\":120,\"caption\":\"Institut de la M\u00e0cula\"},\"image\":{\"@id\":\"https:\/\/www.institutmacula.com\/es\/#\/schema\/logo\/image\/\"}}]}<\/script>\n<!-- \/ Yoast SEO plugin. -->","yoast_head_json":{"title":"Enfermedad de Stargardt - Institut de la M\u00e0cula","description":"Conoce qu\u00e9 es la enfermedad de Stargardt, sus causas, s\u00edntomas, tratamientos, riesgos y c\u00f3mo afecta la visi\u00f3n.","robots":{"index":"index","follow":"follow","max-snippet":"max-snippet:-1","max-image-preview":"max-image-preview:large","max-video-preview":"max-video-preview:-1"},"canonical":"https:\/\/www.institutmacula.com\/es\/patologia\/enfermedad-de-stargardt\/","og_locale":"es_ES","og_type":"article","og_title":"Enfermedad de Stargardt - Institut de la M\u00e0cula","og_description":"Conoce qu\u00e9 es la enfermedad de Stargardt, sus causas, s\u00edntomas, tratamientos, riesgos y c\u00f3mo afecta la visi\u00f3n.","og_url":"https:\/\/www.institutmacula.com\/es\/patologia\/enfermedad-de-stargardt\/","og_site_name":"Institut de la M\u00e0cula","article_modified_time":"2025-02-05T15:28:29+00:00","twitter_card":"summary_large_image","twitter_misc":{"Tiempo de lectura":"1 minuto"},"schema":{"@context":"https:\/\/schema.org","@graph":[{"@type":"WebPage","@id":"https:\/\/www.institutmacula.com\/es\/patologia\/enfermedad-de-stargardt\/","url":"https:\/\/www.institutmacula.com\/es\/patologia\/enfermedad-de-stargardt\/","name":"Enfermedad de Stargardt - Institut de la M\u00e0cula","isPartOf":{"@id":"https:\/\/www.institutmacula.com\/es\/#website"},"datePublished":"2023-05-03T08:39:58+00:00","dateModified":"2025-02-05T15:28:29+00:00","description":"Conoce qu\u00e9 es la enfermedad de Stargardt, sus causas, s\u00edntomas, tratamientos, riesgos y c\u00f3mo afecta la visi\u00f3n.","breadcrumb":{"@id":"https:\/\/www.institutmacula.com\/es\/patologia\/enfermedad-de-stargardt\/#breadcrumb"},"inLanguage":"es","potentialAction":[{"@type":"ReadAction","target":["https:\/\/www.institutmacula.com\/es\/patologia\/enfermedad-de-stargardt\/"]}]},{"@type":"BreadcrumbList","@id":"https:\/\/www.institutmacula.com\/es\/patologia\/enfermedad-de-stargardt\/#breadcrumb","itemListElement":[{"@type":"ListItem","position":1,"name":"Inici","item":"https:\/\/www.institutmacula.com\/es\/"},{"@type":"ListItem","position":2,"name":"Patologies","item":"https:\/\/www.institutmacula.com\/patologia\/"},{"@type":"ListItem","position":3,"name":"Enfermedad de Stargardt"}]},{"@type":"WebSite","@id":"https:\/\/www.institutmacula.com\/es\/#website","url":"https:\/\/www.institutmacula.com\/es\/","name":"Institut de la M\u00e0cula","description":"Innovating Eye Care","publisher":{"@id":"https:\/\/www.institutmacula.com\/es\/#organization"},"potentialAction":[{"@type":"SearchAction","target":{"@type":"EntryPoint","urlTemplate":"https:\/\/www.institutmacula.com\/es\/?s={search_term_string}"},"query-input":{"@type":"PropertyValueSpecification","valueRequired":true,"valueName":"search_term_string"}}],"inLanguage":"es"},{"@type":"Organization","@id":"https:\/\/www.institutmacula.com\/es\/#organization","name":"Institut de la M\u00e0cula","url":"https:\/\/www.institutmacula.com\/es\/","logo":{"@type":"ImageObject","inLanguage":"es","@id":"https:\/\/www.institutmacula.com\/es\/#\/schema\/logo\/image\/","url":"https:\/\/www.institutmacula.com\/wp-content\/uploads\/2024\/02\/logo-Institut-de-la-Macula-24.png","contentUrl":"https:\/\/www.institutmacula.com\/wp-content\/uploads\/2024\/02\/logo-Institut-de-la-Macula-24.png","width":300,"height":120,"caption":"Institut de la M\u00e0cula"},"image":{"@id":"https:\/\/www.institutmacula.com\/es\/#\/schema\/logo\/image\/"}}]}},"_links":{"self":[{"href":"https:\/\/www.institutmacula.com\/es\/wp-json\/wp\/v2\/patologia\/4434","targetHints":{"allow":["GET"]}}],"collection":[{"href":"https:\/\/www.institutmacula.com\/es\/wp-json\/wp\/v2\/patologia"}],"about":[{"href":"https:\/\/www.institutmacula.com\/es\/wp-json\/wp\/v2\/types\/patologia"}],"version-history":[{"count":6,"href":"https:\/\/www.institutmacula.com\/es\/wp-json\/wp\/v2\/patologia\/4434\/revisions"}],"predecessor-version":[{"id":7232,"href":"https:\/\/www.institutmacula.com\/es\/wp-json\/wp\/v2\/patologia\/4434\/revisions\/7232"}],"wp:attachment":[{"href":"https:\/\/www.institutmacula.com\/es\/wp-json\/wp\/v2\/media?parent=4434"}],"wp:term":[{"taxonomy":"categoria","embeddable":true,"href":"https:\/\/www.institutmacula.com\/es\/wp-json\/wp\/v2\/categoria?post=4434"}],"curies":[{"name":"wp","href":"https:\/\/api.w.org\/{rel}","templated":true}]}}