{"id":4438,"date":"2023-05-03T10:27:52","date_gmt":"2023-05-03T08:27:52","guid":{"rendered":"https:\/\/www.institutmacula.com\/patologia\/edema-macular-diabetic\/"},"modified":"2025-02-05T16:32:54","modified_gmt":"2025-02-05T15:32:54","slug":"edema-macular-diabetico","status":"publish","type":"patologia","link":"https:\/\/www.institutmacula.com\/es\/patologia\/edema-macular-diabetico\/","title":{"rendered":"Edema Macular Diab\u00e9tico"},"content":{"rendered":"\n<p>El <strong>edema macular diab\u00e9tico<\/strong> es la inflamaci\u00f3n y la acumulaci\u00f3n de l\u00edquido en la m\u00e1cula. Es parte del ojo responsable de la visi\u00f3n central y de la visi\u00f3n fina de los detalles (la que nos permite leer o reconocer caras). Esta se produce cuando los vasos sangu\u00edneos de la retina registran fugas de fluido.<\/p>\n\n\n\n<p>La principal causa del edema macular se asocia a la diabetes. Esta enfermedad hace que los vasos sangu\u00edneos de la retina pierdan l\u00edquidos, entre ellos peque\u00f1as cantidades de sangre y, ocasionalmente, fugas de dep\u00f3sitos de grasa, lo que provoca que la m\u00e1cula se hinche.<\/p>\n","protected":false},"featured_media":0,"parent":0,"menu_order":0,"template":"","meta":{"_acf_changed":false,"site-sidebar-layout":"default","site-content-layout":"","ast-site-content-layout":"default","site-content-style":"default","site-sidebar-style":"default","ast-global-header-display":"","ast-banner-title-visibility":"","ast-main-header-display":"","ast-hfb-above-header-display":"","ast-hfb-below-header-display":"","ast-hfb-mobile-header-display":"","site-post-title":"","ast-breadcrumbs-content":"","ast-featured-img":"","footer-sml-layout":"","ast-disable-related-posts":"","theme-transparent-header-meta":"","adv-header-id-meta":"","stick-header-meta":"","header-above-stick-meta":"","header-main-stick-meta":"","header-below-stick-meta":"","astra-migrate-meta-layouts":"set","ast-page-background-enabled":"default","ast-page-background-meta":{"desktop":{"background-color":"var(--ast-global-color-4)","background-image":"","background-repeat":"repeat","background-position":"center center","background-size":"auto","background-attachment":"scroll","background-type":"","background-media":"","overlay-type":"","overlay-color":"","overlay-opacity":"","overlay-gradient":""},"tablet":{"background-color":"","background-image":"","background-repeat":"repeat","background-position":"center center","background-size":"auto","background-attachment":"scroll","background-type":"","background-media":"","overlay-type":"","overlay-color":"","overlay-opacity":"","overlay-gradient":""},"mobile":{"background-color":"","background-image":"","background-repeat":"repeat","background-position":"center center","background-size":"auto","background-attachment":"scroll","background-type":"","background-media":"","overlay-type":"","overlay-color":"","overlay-opacity":"","overlay-gradient":""}},"ast-content-background-meta":{"desktop":{"background-color":"var(--ast-global-color-5)","background-image":"","background-repeat":"repeat","background-position":"center center","background-size":"auto","background-attachment":"scroll","background-type":"","background-media":"","overlay-type":"","overlay-color":"","overlay-opacity":"","overlay-gradient":""},"tablet":{"background-color":"var(--ast-global-color-5)","background-image":"","background-repeat":"repeat","background-position":"center center","background-size":"auto","background-attachment":"scroll","background-type":"","background-media":"","overlay-type":"","overlay-color":"","overlay-opacity":"","overlay-gradient":""},"mobile":{"background-color":"var(--ast-global-color-5)","background-image":"","background-repeat":"repeat","background-position":"center center","background-size":"auto","background-attachment":"scroll","background-type":"","background-media":"","overlay-type":"","overlay-color":"","overlay-opacity":"","overlay-gradient":""}}},"categoria":[11],"class_list":["post-4438","patologia","type-patologia","status-publish","hentry","categoria-retina"],"acf":[],"yoast_head":"<!-- This site is optimized with the Yoast SEO plugin v26.9 - https:\/\/yoast.com\/product\/yoast-seo-wordpress\/ -->\n<title>Edema Macular Diab\u00e9tico - Institut de la M\u00e0cula<\/title>\n<meta name=\"description\" content=\"Conoce qu\u00e9 es el edema macular diab\u00e9tico, sus causas, s\u00edntomas, tratamientos, riesgos y c\u00f3mo afecta la visi\u00f3n.\" \/>\n<meta name=\"robots\" content=\"index, follow, max-snippet:-1, max-image-preview:large, max-video-preview:-1\" \/>\n<link rel=\"canonical\" href=\"https:\/\/www.institutmacula.com\/es\/patologia\/edema-macular-diabetico\/\" \/>\n<meta property=\"og:locale\" content=\"es_ES\" \/>\n<meta property=\"og:type\" content=\"article\" \/>\n<meta property=\"og:title\" content=\"Edema Macular Diab\u00e9tico - Institut de la M\u00e0cula\" \/>\n<meta property=\"og:description\" content=\"Conoce qu\u00e9 es el edema macular diab\u00e9tico, sus causas, s\u00edntomas, tratamientos, riesgos y c\u00f3mo afecta la visi\u00f3n.\" \/>\n<meta property=\"og:url\" content=\"https:\/\/www.institutmacula.com\/es\/patologia\/edema-macular-diabetico\/\" \/>\n<meta property=\"og:site_name\" content=\"Institut de la M\u00e0cula\" \/>\n<meta property=\"article:modified_time\" content=\"2025-02-05T15:32:54+00:00\" \/>\n<meta name=\"twitter:card\" content=\"summary_large_image\" \/>\n<meta name=\"twitter:label1\" content=\"Tiempo de lectura\" \/>\n\t<meta name=\"twitter:data1\" content=\"1 minuto\" \/>\n<script type=\"application\/ld+json\" class=\"yoast-schema-graph\">{\"@context\":\"https:\/\/schema.org\",\"@graph\":[{\"@type\":\"WebPage\",\"@id\":\"https:\/\/www.institutmacula.com\/es\/patologia\/edema-macular-diabetico\/\",\"url\":\"https:\/\/www.institutmacula.com\/es\/patologia\/edema-macular-diabetico\/\",\"name\":\"Edema Macular Diab\u00e9tico - Institut de la M\u00e0cula\",\"isPartOf\":{\"@id\":\"https:\/\/www.institutmacula.com\/es\/#website\"},\"datePublished\":\"2023-05-03T08:27:52+00:00\",\"dateModified\":\"2025-02-05T15:32:54+00:00\",\"description\":\"Conoce qu\u00e9 es el edema macular diab\u00e9tico, sus causas, s\u00edntomas, tratamientos, riesgos y c\u00f3mo afecta la visi\u00f3n.\",\"breadcrumb\":{\"@id\":\"https:\/\/www.institutmacula.com\/es\/patologia\/edema-macular-diabetico\/#breadcrumb\"},\"inLanguage\":\"es\",\"potentialAction\":[{\"@type\":\"ReadAction\",\"target\":[\"https:\/\/www.institutmacula.com\/es\/patologia\/edema-macular-diabetico\/\"]}]},{\"@type\":\"BreadcrumbList\",\"@id\":\"https:\/\/www.institutmacula.com\/es\/patologia\/edema-macular-diabetico\/#breadcrumb\",\"itemListElement\":[{\"@type\":\"ListItem\",\"position\":1,\"name\":\"Inici\",\"item\":\"https:\/\/www.institutmacula.com\/es\/\"},{\"@type\":\"ListItem\",\"position\":2,\"name\":\"Patologies\",\"item\":\"https:\/\/www.institutmacula.com\/patologia\/\"},{\"@type\":\"ListItem\",\"position\":3,\"name\":\"Edema Macular Diab\u00e9tico\"}]},{\"@type\":\"WebSite\",\"@id\":\"https:\/\/www.institutmacula.com\/es\/#website\",\"url\":\"https:\/\/www.institutmacula.com\/es\/\",\"name\":\"Institut de la M\u00e0cula\",\"description\":\"Innovating Eye Care\",\"publisher\":{\"@id\":\"https:\/\/www.institutmacula.com\/es\/#organization\"},\"potentialAction\":[{\"@type\":\"SearchAction\",\"target\":{\"@type\":\"EntryPoint\",\"urlTemplate\":\"https:\/\/www.institutmacula.com\/es\/?s={search_term_string}\"},\"query-input\":{\"@type\":\"PropertyValueSpecification\",\"valueRequired\":true,\"valueName\":\"search_term_string\"}}],\"inLanguage\":\"es\"},{\"@type\":\"Organization\",\"@id\":\"https:\/\/www.institutmacula.com\/es\/#organization\",\"name\":\"Institut de la M\u00e0cula\",\"url\":\"https:\/\/www.institutmacula.com\/es\/\",\"logo\":{\"@type\":\"ImageObject\",\"inLanguage\":\"es\",\"@id\":\"https:\/\/www.institutmacula.com\/es\/#\/schema\/logo\/image\/\",\"url\":\"https:\/\/www.institutmacula.com\/wp-content\/uploads\/2024\/02\/logo-Institut-de-la-Macula-24.png\",\"contentUrl\":\"https:\/\/www.institutmacula.com\/wp-content\/uploads\/2024\/02\/logo-Institut-de-la-Macula-24.png\",\"width\":300,\"height\":120,\"caption\":\"Institut de la M\u00e0cula\"},\"image\":{\"@id\":\"https:\/\/www.institutmacula.com\/es\/#\/schema\/logo\/image\/\"}}]}<\/script>\n<!-- \/ Yoast SEO plugin. -->","yoast_head_json":{"title":"Edema Macular Diab\u00e9tico - Institut de la M\u00e0cula","description":"Conoce qu\u00e9 es el edema macular diab\u00e9tico, sus causas, s\u00edntomas, tratamientos, riesgos y c\u00f3mo afecta la visi\u00f3n.","robots":{"index":"index","follow":"follow","max-snippet":"max-snippet:-1","max-image-preview":"max-image-preview:large","max-video-preview":"max-video-preview:-1"},"canonical":"https:\/\/www.institutmacula.com\/es\/patologia\/edema-macular-diabetico\/","og_locale":"es_ES","og_type":"article","og_title":"Edema Macular Diab\u00e9tico - Institut de la M\u00e0cula","og_description":"Conoce qu\u00e9 es el edema macular diab\u00e9tico, sus causas, s\u00edntomas, tratamientos, riesgos y c\u00f3mo afecta la visi\u00f3n.","og_url":"https:\/\/www.institutmacula.com\/es\/patologia\/edema-macular-diabetico\/","og_site_name":"Institut de la M\u00e0cula","article_modified_time":"2025-02-05T15:32:54+00:00","twitter_card":"summary_large_image","twitter_misc":{"Tiempo de lectura":"1 minuto"},"schema":{"@context":"https:\/\/schema.org","@graph":[{"@type":"WebPage","@id":"https:\/\/www.institutmacula.com\/es\/patologia\/edema-macular-diabetico\/","url":"https:\/\/www.institutmacula.com\/es\/patologia\/edema-macular-diabetico\/","name":"Edema Macular Diab\u00e9tico - Institut de la M\u00e0cula","isPartOf":{"@id":"https:\/\/www.institutmacula.com\/es\/#website"},"datePublished":"2023-05-03T08:27:52+00:00","dateModified":"2025-02-05T15:32:54+00:00","description":"Conoce qu\u00e9 es el edema macular diab\u00e9tico, sus causas, s\u00edntomas, tratamientos, riesgos y c\u00f3mo afecta la visi\u00f3n.","breadcrumb":{"@id":"https:\/\/www.institutmacula.com\/es\/patologia\/edema-macular-diabetico\/#breadcrumb"},"inLanguage":"es","potentialAction":[{"@type":"ReadAction","target":["https:\/\/www.institutmacula.com\/es\/patologia\/edema-macular-diabetico\/"]}]},{"@type":"BreadcrumbList","@id":"https:\/\/www.institutmacula.com\/es\/patologia\/edema-macular-diabetico\/#breadcrumb","itemListElement":[{"@type":"ListItem","position":1,"name":"Inici","item":"https:\/\/www.institutmacula.com\/es\/"},{"@type":"ListItem","position":2,"name":"Patologies","item":"https:\/\/www.institutmacula.com\/patologia\/"},{"@type":"ListItem","position":3,"name":"Edema Macular Diab\u00e9tico"}]},{"@type":"WebSite","@id":"https:\/\/www.institutmacula.com\/es\/#website","url":"https:\/\/www.institutmacula.com\/es\/","name":"Institut de la M\u00e0cula","description":"Innovating Eye Care","publisher":{"@id":"https:\/\/www.institutmacula.com\/es\/#organization"},"potentialAction":[{"@type":"SearchAction","target":{"@type":"EntryPoint","urlTemplate":"https:\/\/www.institutmacula.com\/es\/?s={search_term_string}"},"query-input":{"@type":"PropertyValueSpecification","valueRequired":true,"valueName":"search_term_string"}}],"inLanguage":"es"},{"@type":"Organization","@id":"https:\/\/www.institutmacula.com\/es\/#organization","name":"Institut de la M\u00e0cula","url":"https:\/\/www.institutmacula.com\/es\/","logo":{"@type":"ImageObject","inLanguage":"es","@id":"https:\/\/www.institutmacula.com\/es\/#\/schema\/logo\/image\/","url":"https:\/\/www.institutmacula.com\/wp-content\/uploads\/2024\/02\/logo-Institut-de-la-Macula-24.png","contentUrl":"https:\/\/www.institutmacula.com\/wp-content\/uploads\/2024\/02\/logo-Institut-de-la-Macula-24.png","width":300,"height":120,"caption":"Institut de la M\u00e0cula"},"image":{"@id":"https:\/\/www.institutmacula.com\/es\/#\/schema\/logo\/image\/"}}]}},"_links":{"self":[{"href":"https:\/\/www.institutmacula.com\/es\/wp-json\/wp\/v2\/patologia\/4438","targetHints":{"allow":["GET"]}}],"collection":[{"href":"https:\/\/www.institutmacula.com\/es\/wp-json\/wp\/v2\/patologia"}],"about":[{"href":"https:\/\/www.institutmacula.com\/es\/wp-json\/wp\/v2\/types\/patologia"}],"version-history":[{"count":5,"href":"https:\/\/www.institutmacula.com\/es\/wp-json\/wp\/v2\/patologia\/4438\/revisions"}],"predecessor-version":[{"id":7236,"href":"https:\/\/www.institutmacula.com\/es\/wp-json\/wp\/v2\/patologia\/4438\/revisions\/7236"}],"wp:attachment":[{"href":"https:\/\/www.institutmacula.com\/es\/wp-json\/wp\/v2\/media?parent=4438"}],"wp:term":[{"taxonomy":"categoria","embeddable":true,"href":"https:\/\/www.institutmacula.com\/es\/wp-json\/wp\/v2\/categoria?post=4438"}],"curies":[{"name":"wp","href":"https:\/\/api.w.org\/{rel}","templated":true}]}}