{"id":4708,"date":"2023-03-28T10:09:41","date_gmt":"2023-03-28T08:09:41","guid":{"rendered":"https:\/\/www.institutmacula.com\/tractament\/laser-ipl\/"},"modified":"2023-08-03T12:28:55","modified_gmt":"2023-08-03T10:28:55","slug":"tratamiento-con-laser","status":"publish","type":"tractament","link":"https:\/\/www.institutmacula.com\/es\/tratamiento\/tratamiento-con-laser\/","title":{"rendered":"Tratamiento con l\u00e1ser"},"content":{"rendered":"\n<p><strong><strong>Iridotom\u00eda con l\u00e1ser<\/strong><\/strong><\/p>\n\n\n\n<p>La iridotom\u00eda con l\u00e1ser se lleva a cabo de forma ambulatoria con el l\u00e1ser Nd:YAG.<\/p>\n\n\n\n<p>Habitualmente, se aconseja con car\u00e1cter preventivo para ojos con \u00e1ngulo estrecho para evitar el glaucoma agudo por bloqueo pupilar. Adem\u00e1s, es muy eficaz para tratar el ataque agudo de glaucoma.<\/p>\n\n\n\n<p>Con el l\u00e1ser se hace un orificio peque\u00f1o en la periferia del iris que crea una ruta alternativa para que el humor acuoso atrapado en la c\u00e1mara posterior pase a la c\u00e1mara anterior, lo que permite que el iris retroceda, deje de ocluir la red trabecular y equilibre las presiones entre ambas c\u00e1maras.<\/p>\n\n\n\n<p><strong><strong>Trabeculoplastia con l\u00e1ser<\/strong><\/strong><\/p>\n\n\n\n<p>La trabeculoplastia con l\u00e1ser es una t\u00e9cnica en la que se aplica energ\u00eda l\u00e1ser sobre la red trabecular en forma de impactos separados, normalmente a la mitad del \u00e1ngulo (180\u00b0), en cada tratamiento, con el objetivo de aumentar el flujo de salida del humor acuoso y, as\u00ed, disminuir la presi\u00f3n intraocular.<\/p>\n\n\n\n<p>Los pacientes que no toleran o no cumplen el tratamiento m\u00e9dico inicial, si se detecta el \u00e1ngulo abierto a trav\u00e9s de una gonioscopia, pueden ser candidatos a la trabeculoplastia con l\u00e1ser. Adem\u00e1s, suele llevarse a cabo cuando el tratamiento de la presi\u00f3n intraocular con colirios no es eficaz o cuando el paciente no puede ser intervenido quir\u00fargicamente. En algunos casos, se indica como tratamiento inicial del glaucoma.<\/p>\n\n\n\n<p><strong><strong>Ciclofotocoagulaci\u00f3n transescleral<\/strong><\/strong><\/p>\n\n\n\n<p>La ciclofotocoagulaci\u00f3n transescleral con l\u00e1ser diodo es un procedimiento quir\u00fargico. El l\u00e1ser se aplica en el quir\u00f3fano en la zona del ojo que produce el humor acuoso (cuerpo ciliar) para que disminuya la producci\u00f3n de l\u00edquido y, por tanto, la presi\u00f3n intraocular.<\/p>\n\n\n\n<p>La cicloablaci\u00f3n est\u00e1 indicada para reducir la presi\u00f3n intraocular en ojos con poco potencial visual, con dolor o que sean malos candidatos a la cirug\u00eda por incisi\u00f3n.<\/p>\n\n\n\n<p>Es un procedimiento r\u00e1pido y eficaz en los casos adecuados.<\/p>\n","protected":false},"featured_media":3962,"parent":0,"template":"","meta":{"_acf_changed":false,"site-sidebar-layout":"default","site-content-layout":"","ast-site-content-layout":"default","site-content-style":"default","site-sidebar-style":"default","ast-global-header-display":"","ast-banner-title-visibility":"","ast-main-header-display":"","ast-hfb-above-header-display":"","ast-hfb-below-header-display":"","ast-hfb-mobile-header-display":"","site-post-title":"","ast-breadcrumbs-content":"","ast-featured-img":"","footer-sml-layout":"","ast-disable-related-posts":"","theme-transparent-header-meta":"","adv-header-id-meta":"","stick-header-meta":"","header-above-stick-meta":"","header-main-stick-meta":"","header-below-stick-meta":"","astra-migrate-meta-layouts":"default","ast-page-background-enabled":"default","ast-page-background-meta":{"desktop":{"background-color":"var(--ast-global-color-4)","background-image":"","background-repeat":"repeat","background-position":"center center","background-size":"auto","background-attachment":"scroll","background-type":"","background-media":"","overlay-type":"","overlay-color":"","overlay-opacity":"","overlay-gradient":""},"tablet":{"background-color":"","background-image":"","background-repeat":"repeat","background-position":"center center","background-size":"auto","background-attachment":"scroll","background-type":"","background-media":"","overlay-type":"","overlay-color":"","overlay-opacity":"","overlay-gradient":""},"mobile":{"background-color":"","background-image":"","background-repeat":"repeat","background-position":"center center","background-size":"auto","background-attachment":"scroll","background-type":"","background-media":"","overlay-type":"","overlay-color":"","overlay-opacity":"","overlay-gradient":""}},"ast-content-background-meta":{"desktop":{"background-color":"var(--ast-global-color-5)","background-image":"","background-repeat":"repeat","background-position":"center center","background-size":"auto","background-attachment":"scroll","background-type":"","background-media":"","overlay-type":"","overlay-color":"","overlay-opacity":"","overlay-gradient":""},"tablet":{"background-color":"var(--ast-global-color-5)","background-image":"","background-repeat":"repeat","background-position":"center center","background-size":"auto","background-attachment":"scroll","background-type":"","background-media":"","overlay-type":"","overlay-color":"","overlay-opacity":"","overlay-gradient":""},"mobile":{"background-color":"var(--ast-global-color-5)","background-image":"","background-repeat":"repeat","background-position":"center center","background-size":"auto","background-attachment":"scroll","background-type":"","background-media":"","overlay-type":"","overlay-color":"","overlay-opacity":"","overlay-gradient":""}}},"class_list":["post-4708","tractament","type-tractament","status-publish","has-post-thumbnail","hentry"],"acf":[],"yoast_head":"<!-- This site is optimized with the Yoast SEO plugin v26.9 - https:\/\/yoast.com\/product\/yoast-seo-wordpress\/ -->\n<title>Tratamiento con l\u00e1ser - Institut de la M\u00e0cula<\/title>\n<meta name=\"robots\" content=\"index, follow, max-snippet:-1, max-image-preview:large, max-video-preview:-1\" \/>\n<link rel=\"canonical\" href=\"https:\/\/www.institutmacula.com\/es\/tractament\/tratamiento-con-laser\/\" \/>\n<meta property=\"og:locale\" content=\"es_ES\" \/>\n<meta property=\"og:type\" content=\"article\" \/>\n<meta property=\"og:title\" content=\"Tratamiento con l\u00e1ser - Institut de la M\u00e0cula\" \/>\n<meta property=\"og:description\" content=\"Iridotom\u00eda con l\u00e1ser La iridotom\u00eda con l\u00e1ser se lleva a cabo de forma ambulatoria con el l\u00e1ser Nd:YAG. Habitualmente, se aconseja con car\u00e1cter preventivo para ojos con \u00e1ngulo estrecho para evitar el glaucoma agudo por bloqueo pupilar. Adem\u00e1s, es muy eficaz para tratar el ataque agudo de glaucoma. Con el l\u00e1ser se hace un orificio [&hellip;]\" \/>\n<meta property=\"og:url\" content=\"https:\/\/www.institutmacula.com\/es\/tractament\/tratamiento-con-laser\/\" \/>\n<meta property=\"og:site_name\" content=\"Institut de la M\u00e0cula\" \/>\n<meta property=\"article:modified_time\" content=\"2023-08-03T10:28:55+00:00\" \/>\n<meta property=\"og:image\" content=\"https:\/\/www.institutmacula.com\/wp-content\/uploads\/2023\/03\/Tractament-amb-laser-del-glaucoma-p.jpg\" \/>\n\t<meta property=\"og:image:width\" content=\"440\" \/>\n\t<meta property=\"og:image:height\" content=\"250\" \/>\n\t<meta property=\"og:image:type\" content=\"image\/jpeg\" \/>\n<meta name=\"twitter:card\" content=\"summary_large_image\" \/>\n<meta name=\"twitter:label1\" content=\"Tiempo de lectura\" \/>\n\t<meta name=\"twitter:data1\" content=\"2 minutos\" \/>\n<script type=\"application\/ld+json\" class=\"yoast-schema-graph\">{\"@context\":\"https:\/\/schema.org\",\"@graph\":[{\"@type\":\"WebPage\",\"@id\":\"https:\/\/www.institutmacula.com\/es\/tractament\/tratamiento-con-laser\/\",\"url\":\"https:\/\/www.institutmacula.com\/es\/tractament\/tratamiento-con-laser\/\",\"name\":\"Tratamiento con l\u00e1ser - Institut de la M\u00e0cula\",\"isPartOf\":{\"@id\":\"https:\/\/www.institutmacula.com\/es\/#website\"},\"primaryImageOfPage\":{\"@id\":\"https:\/\/www.institutmacula.com\/es\/tractament\/tratamiento-con-laser\/#primaryimage\"},\"image\":{\"@id\":\"https:\/\/www.institutmacula.com\/es\/tractament\/tratamiento-con-laser\/#primaryimage\"},\"thumbnailUrl\":\"https:\/\/www.institutmacula.com\/wp-content\/uploads\/2023\/03\/Tractament-amb-laser-del-glaucoma-p.jpg\",\"datePublished\":\"2023-03-28T08:09:41+00:00\",\"dateModified\":\"2023-08-03T10:28:55+00:00\",\"breadcrumb\":{\"@id\":\"https:\/\/www.institutmacula.com\/es\/tractament\/tratamiento-con-laser\/#breadcrumb\"},\"inLanguage\":\"es\",\"potentialAction\":[{\"@type\":\"ReadAction\",\"target\":[\"https:\/\/www.institutmacula.com\/es\/tractament\/tratamiento-con-laser\/\"]}]},{\"@type\":\"ImageObject\",\"inLanguage\":\"es\",\"@id\":\"https:\/\/www.institutmacula.com\/es\/tractament\/tratamiento-con-laser\/#primaryimage\",\"url\":\"https:\/\/www.institutmacula.com\/wp-content\/uploads\/2023\/03\/Tractament-amb-laser-del-glaucoma-p.jpg\",\"contentUrl\":\"https:\/\/www.institutmacula.com\/wp-content\/uploads\/2023\/03\/Tractament-amb-laser-del-glaucoma-p.jpg\",\"width\":440,\"height\":250},{\"@type\":\"BreadcrumbList\",\"@id\":\"https:\/\/www.institutmacula.com\/es\/tractament\/tratamiento-con-laser\/#breadcrumb\",\"itemListElement\":[{\"@type\":\"ListItem\",\"position\":1,\"name\":\"Inici\",\"item\":\"https:\/\/www.institutmacula.com\/es\/\"},{\"@type\":\"ListItem\",\"position\":2,\"name\":\"Tractaments\",\"item\":\"https:\/\/www.institutmacula.com\/tractament\/\"},{\"@type\":\"ListItem\",\"position\":3,\"name\":\"Tratamiento con l\u00e1ser\"}]},{\"@type\":\"WebSite\",\"@id\":\"https:\/\/www.institutmacula.com\/es\/#website\",\"url\":\"https:\/\/www.institutmacula.com\/es\/\",\"name\":\"Institut de la M\u00e0cula\",\"description\":\"Innovating Eye Care\",\"publisher\":{\"@id\":\"https:\/\/www.institutmacula.com\/es\/#organization\"},\"potentialAction\":[{\"@type\":\"SearchAction\",\"target\":{\"@type\":\"EntryPoint\",\"urlTemplate\":\"https:\/\/www.institutmacula.com\/es\/?s={search_term_string}\"},\"query-input\":{\"@type\":\"PropertyValueSpecification\",\"valueRequired\":true,\"valueName\":\"search_term_string\"}}],\"inLanguage\":\"es\"},{\"@type\":\"Organization\",\"@id\":\"https:\/\/www.institutmacula.com\/es\/#organization\",\"name\":\"Institut de la M\u00e0cula\",\"url\":\"https:\/\/www.institutmacula.com\/es\/\",\"logo\":{\"@type\":\"ImageObject\",\"inLanguage\":\"es\",\"@id\":\"https:\/\/www.institutmacula.com\/es\/#\/schema\/logo\/image\/\",\"url\":\"https:\/\/www.institutmacula.com\/wp-content\/uploads\/2024\/02\/logo-Institut-de-la-Macula-24.png\",\"contentUrl\":\"https:\/\/www.institutmacula.com\/wp-content\/uploads\/2024\/02\/logo-Institut-de-la-Macula-24.png\",\"width\":300,\"height\":120,\"caption\":\"Institut de la M\u00e0cula\"},\"image\":{\"@id\":\"https:\/\/www.institutmacula.com\/es\/#\/schema\/logo\/image\/\"}}]}<\/script>\n<!-- \/ Yoast SEO plugin. -->","yoast_head_json":{"title":"Tratamiento con l\u00e1ser - Institut de la M\u00e0cula","robots":{"index":"index","follow":"follow","max-snippet":"max-snippet:-1","max-image-preview":"max-image-preview:large","max-video-preview":"max-video-preview:-1"},"canonical":"https:\/\/www.institutmacula.com\/es\/tractament\/tratamiento-con-laser\/","og_locale":"es_ES","og_type":"article","og_title":"Tratamiento con l\u00e1ser - Institut de la M\u00e0cula","og_description":"Iridotom\u00eda con l\u00e1ser La iridotom\u00eda con l\u00e1ser se lleva a cabo de forma ambulatoria con el l\u00e1ser Nd:YAG. Habitualmente, se aconseja con car\u00e1cter preventivo para ojos con \u00e1ngulo estrecho para evitar el glaucoma agudo por bloqueo pupilar. Adem\u00e1s, es muy eficaz para tratar el ataque agudo de glaucoma. Con el l\u00e1ser se hace un orificio [&hellip;]","og_url":"https:\/\/www.institutmacula.com\/es\/tractament\/tratamiento-con-laser\/","og_site_name":"Institut de la M\u00e0cula","article_modified_time":"2023-08-03T10:28:55+00:00","og_image":[{"width":440,"height":250,"url":"https:\/\/www.institutmacula.com\/wp-content\/uploads\/2023\/03\/Tractament-amb-laser-del-glaucoma-p.jpg","type":"image\/jpeg"}],"twitter_card":"summary_large_image","twitter_misc":{"Tiempo de lectura":"2 minutos"},"schema":{"@context":"https:\/\/schema.org","@graph":[{"@type":"WebPage","@id":"https:\/\/www.institutmacula.com\/es\/tractament\/tratamiento-con-laser\/","url":"https:\/\/www.institutmacula.com\/es\/tractament\/tratamiento-con-laser\/","name":"Tratamiento con l\u00e1ser - Institut de la M\u00e0cula","isPartOf":{"@id":"https:\/\/www.institutmacula.com\/es\/#website"},"primaryImageOfPage":{"@id":"https:\/\/www.institutmacula.com\/es\/tractament\/tratamiento-con-laser\/#primaryimage"},"image":{"@id":"https:\/\/www.institutmacula.com\/es\/tractament\/tratamiento-con-laser\/#primaryimage"},"thumbnailUrl":"https:\/\/www.institutmacula.com\/wp-content\/uploads\/2023\/03\/Tractament-amb-laser-del-glaucoma-p.jpg","datePublished":"2023-03-28T08:09:41+00:00","dateModified":"2023-08-03T10:28:55+00:00","breadcrumb":{"@id":"https:\/\/www.institutmacula.com\/es\/tractament\/tratamiento-con-laser\/#breadcrumb"},"inLanguage":"es","potentialAction":[{"@type":"ReadAction","target":["https:\/\/www.institutmacula.com\/es\/tractament\/tratamiento-con-laser\/"]}]},{"@type":"ImageObject","inLanguage":"es","@id":"https:\/\/www.institutmacula.com\/es\/tractament\/tratamiento-con-laser\/#primaryimage","url":"https:\/\/www.institutmacula.com\/wp-content\/uploads\/2023\/03\/Tractament-amb-laser-del-glaucoma-p.jpg","contentUrl":"https:\/\/www.institutmacula.com\/wp-content\/uploads\/2023\/03\/Tractament-amb-laser-del-glaucoma-p.jpg","width":440,"height":250},{"@type":"BreadcrumbList","@id":"https:\/\/www.institutmacula.com\/es\/tractament\/tratamiento-con-laser\/#breadcrumb","itemListElement":[{"@type":"ListItem","position":1,"name":"Inici","item":"https:\/\/www.institutmacula.com\/es\/"},{"@type":"ListItem","position":2,"name":"Tractaments","item":"https:\/\/www.institutmacula.com\/tractament\/"},{"@type":"ListItem","position":3,"name":"Tratamiento con l\u00e1ser"}]},{"@type":"WebSite","@id":"https:\/\/www.institutmacula.com\/es\/#website","url":"https:\/\/www.institutmacula.com\/es\/","name":"Institut de la M\u00e0cula","description":"Innovating Eye Care","publisher":{"@id":"https:\/\/www.institutmacula.com\/es\/#organization"},"potentialAction":[{"@type":"SearchAction","target":{"@type":"EntryPoint","urlTemplate":"https:\/\/www.institutmacula.com\/es\/?s={search_term_string}"},"query-input":{"@type":"PropertyValueSpecification","valueRequired":true,"valueName":"search_term_string"}}],"inLanguage":"es"},{"@type":"Organization","@id":"https:\/\/www.institutmacula.com\/es\/#organization","name":"Institut de la M\u00e0cula","url":"https:\/\/www.institutmacula.com\/es\/","logo":{"@type":"ImageObject","inLanguage":"es","@id":"https:\/\/www.institutmacula.com\/es\/#\/schema\/logo\/image\/","url":"https:\/\/www.institutmacula.com\/wp-content\/uploads\/2024\/02\/logo-Institut-de-la-Macula-24.png","contentUrl":"https:\/\/www.institutmacula.com\/wp-content\/uploads\/2024\/02\/logo-Institut-de-la-Macula-24.png","width":300,"height":120,"caption":"Institut de la M\u00e0cula"},"image":{"@id":"https:\/\/www.institutmacula.com\/es\/#\/schema\/logo\/image\/"}}]}},"_links":{"self":[{"href":"https:\/\/www.institutmacula.com\/es\/wp-json\/wp\/v2\/tractament\/4708","targetHints":{"allow":["GET"]}}],"collection":[{"href":"https:\/\/www.institutmacula.com\/es\/wp-json\/wp\/v2\/tractament"}],"about":[{"href":"https:\/\/www.institutmacula.com\/es\/wp-json\/wp\/v2\/types\/tractament"}],"wp:featuredmedia":[{"embeddable":true,"href":"https:\/\/www.institutmacula.com\/es\/wp-json\/wp\/v2\/media\/3962"}],"wp:attachment":[{"href":"https:\/\/www.institutmacula.com\/es\/wp-json\/wp\/v2\/media?parent=4708"}],"curies":[{"name":"wp","href":"https:\/\/api.w.org\/{rel}","templated":true}]}}